{"version":"1.0","provider_name":"Semoirs Ebra","provider_url":"https:\/\/www.ebra-semoir.fr\/en","author_name":"Fran\u00e7ois Chauchet","author_url":"https:\/\/www.ebra-semoir.fr\/en\/author\/francois\/","title":"Les p\u00e9riodes de semis - Semoirs Ebra","type":"rich","width":600,"height":338,"html":"<blockquote class=\"wp-embedded-content\" data-secret=\"rkwlKvuTJM\"><a href=\"https:\/\/www.ebra-semoir.fr\/en\/les-periodes-de-semis\/\">Sowing periods<\/a><\/blockquote><iframe sandbox=\"allow-scripts\" security=\"restricted\" src=\"https:\/\/www.ebra-semoir.fr\/en\/les-periodes-de-semis\/embed\/#?secret=rkwlKvuTJM\" width=\"600\" height=\"338\" title=\"&#8220;Les p\u00e9riodes de semis&#8221; &#8212; Semoirs Ebra\" data-secret=\"rkwlKvuTJM\" frameborder=\"0\" marginwidth=\"0\" marginheight=\"0\" scrolling=\"no\" class=\"wp-embedded-content\"><\/iframe><script>\n\/*! This file is auto-generated *\/\n!function(d,l){\"use strict\";l.querySelector&&d.addEventListener&&\"undefined\"!=typeof URL&&(d.wp=d.wp||{},d.wp.receiveEmbedMessage||(d.wp.receiveEmbedMessage=function(e){var t=e.data;if((t||t.secret||t.message||t.value)&&!\/[^a-zA-Z0-9]\/.test(t.secret)){for(var s,r,n,a=l.querySelectorAll('iframe[data-secret=\"'+t.secret+'\"]'),o=l.querySelectorAll('blockquote[data-secret=\"'+t.secret+'\"]'),c=new RegExp(\"^https?:$\",\"i\"),i=0;i<o.length;i++)o[i].style.display=\"none\";for(i=0;i<a.length;i++)s=a[i],e.source===s.contentWindow&&(s.removeAttribute(\"style\"),\"height\"===t.message?(1e3<(r=parseInt(t.value,10))?r=1e3:~~r<200&&(r=200),s.height=r):\"link\"===t.message&&(r=new URL(s.getAttribute(\"src\")),n=new URL(t.value),c.test(n.protocol))&&n.host===r.host&&l.activeElement===s&&(d.top.location.href=t.value))}},d.addEventListener(\"message\",d.wp.receiveEmbedMessage,!1),l.addEventListener(\"DOMContentLoaded\",function(){for(var e,t,s=l.querySelectorAll(\"iframe.wp-embedded-content\"),r=0;r<s.length;r++)(t=(e=s[r]).getAttribute(\"data-secret\"))||(t=Math.random().toString(36).substring(2,12),e.src+=\"#?secret=\"+t,e.setAttribute(\"data-secret\",t)),e.contentWindow.postMessage({message:\"ready\",secret:t},\"*\")},!1)))}(window,document);\n\/\/# sourceURL=https:\/\/www.ebra-semoir.fr\/wp-includes\/js\/wp-embed.min.js\n<\/script>","thumbnail_url":"https:\/\/www.ebra-semoir.fr\/wp-content\/uploads\/2020\/03\/overview-of-october-calendar-sheet-and-group-of-YSAXQK7-scaled-e1583101524711.jpg","thumbnail_width":800,"thumbnail_height":533,"description":"LES L\u00c9GUMES D&rsquo;AUTOMNE \/ HIVER, PRIMORDIAUX SUR UNE FERME EN CIRCUIT EN COURT Apr\u00e8s la saison d\u2019\u00e9t\u00e9 et de d\u00e9but d\u2019automne o\u00f9 l\u2019opulence est de mise sur les fermes mara\u00eech\u00e8res, vient l\u2019hiver avec sa gamme plus r\u00e9duite de l\u00e9gumes. Il est primordial d\u2019avoir sous abris des l\u00e9gumes frais qui am\u00e8neront un peu de verdure dans [&hellip;]"}