{"id":2018,"date":"2018-01-24T14:00:53","date_gmt":"2018-01-24T14:00:53","guid":{"rendered":"http:\/\/ld-wp.template-help.com\/wordpress_prod-11024\/v3\/moving\/?page_id=2018"},"modified":"2024-05-17T14:42:43","modified_gmt":"2024-05-17T12:42:43","slug":"politique-de-confidentialite","status":"publish","type":"page","link":"https:\/\/www.ebra-semoir.fr\/en\/politique-de-confidentialite\/","title":{"rendered":"Privacy Policy"},"content":{"rendered":"\t\t<div data-elementor-type=\"wp-post\" data-elementor-id=\"2018\" class=\"elementor elementor-2018\" data-elementor-post-type=\"page\">\n\t\t\t\t\t\t<section class=\"elementor-section elementor-top-section elementor-element elementor-element-3aa10e28 elementor-section-content-middle elementor-section-boxed elementor-section-height-default elementor-section-height-default\" data-id=\"3aa10e28\" data-element_type=\"section\" data-e-type=\"section\">\n\t\t\t\t\t\t<div class=\"elementor-container elementor-column-gap-no\">\n\t\t\t\t\t<div class=\"elementor-column elementor-col-100 elementor-top-column elementor-element elementor-element-676c8607\" data-id=\"676c8607\" data-element_type=\"column\" data-e-type=\"column\">\n\t\t\t<div class=\"elementor-widget-wrap elementor-element-populated\">\n\t\t\t\t\t\t<div class=\"elementor-element elementor-element-6534283d elementor-widget elementor-widget-heading\" data-id=\"6534283d\" data-element_type=\"widget\" data-e-type=\"widget\" data-widget_type=\"heading.default\">\n\t\t\t\t<div class=\"elementor-widget-container\">\n\t\t\t\t\t<h4 class=\"elementor-heading-title elementor-size-default\">Politique de Confidentialit\u00e9<\/h4>\t\t\t\t<\/div>\n\t\t\t\t<\/div>\n\t\t\t\t<div class=\"elementor-element elementor-element-5b090917 elementor-widget elementor-widget-text-editor\" data-id=\"5b090917\" data-element_type=\"widget\" data-e-type=\"widget\" data-widget_type=\"text-editor.default\">\n\t\t\t\t<div class=\"elementor-widget-container\">\n\t\t\t\t\t\t\t\t\t<p style=\"font-weight: 400;\">Chez Sepeba Ebra, nous accordons de l\u2019importance \u00e0 la confidentialit\u00e9 et \u00e0 la transparence. Dans le cadre de la mise \u00e0 jour de notre politique de confidentialit\u00e9, nous vous invitons \u00e0 prendre connaissance de son contenu.<\/p>\t\t\t\t\t\t\t\t<\/div>\n\t\t\t\t<\/div>\n\t\t\t\t\t<\/div>\n\t\t<\/div>\n\t\t\t\t\t<\/div>\n\t\t<\/section>\n\t\t\t\t<section class=\"elementor-section elementor-top-section elementor-element elementor-element-37be elementor-section-boxed elementor-section-height-default elementor-section-height-default\" data-id=\"37be\" data-element_type=\"section\" data-e-type=\"section\">\n\t\t\t\t\t\t<div class=\"elementor-container elementor-column-gap-default\">\n\t\t\t\t\t<div class=\"elementor-column elementor-col-100 elementor-top-column elementor-element elementor-element-e79\" data-id=\"e79\" data-element_type=\"column\" data-e-type=\"column\">\n\t\t\t<div class=\"elementor-widget-wrap elementor-element-populated\">\n\t\t\t\t\t\t<div class=\"elementor-element elementor-element-6f40 elementor-widget elementor-widget-toggle\" data-id=\"6f40\" data-element_type=\"widget\" data-e-type=\"widget\" data-widget_type=\"toggle.default\">\n\t\t\t\t<div class=\"elementor-widget-container\">\n\t\t\t\t\t\t\t<div class=\"elementor-toggle\">\n\t\t\t\t\t\t\t<div class=\"elementor-toggle-item\">\n\t\t\t\t\t<div id=\"elementor-tab-title-2841\" class=\"elementor-tab-title\" data-tab=\"1\" role=\"button\" aria-controls=\"elementor-tab-content-2841\" aria-expanded=\"false\">\n\t\t\t\t\t\t\t\t\t\t\t\t<span class=\"elementor-toggle-icon elementor-toggle-icon-left\" aria-hidden=\"true\">\n\t\t\t\t\t\t\t\t\t\t\t\t\t\t\t<span class=\"elementor-toggle-icon-closed\"><i class=\"fas fa-caret-right\"><\/i><\/span>\n\t\t\t\t\t\t\t\t<span class=\"elementor-toggle-icon-opened\"><i class=\"elementor-toggle-icon-opened fas fa-caret-up\"><\/i><\/span>\n\t\t\t\t\t\t\t\t\t\t\t\t\t<\/span>\n\t\t\t\t\t\t\t\t\t\t\t\t<a class=\"elementor-toggle-title\" tabindex=\"0\">Politique de protection des donn\u00e9es personnelles<\/a>\n\t\t\t\t\t<\/div>\n\n\t\t\t\t\t<div id=\"elementor-tab-content-2841\" class=\"elementor-tab-content elementor-clearfix\" data-tab=\"1\" role=\"region\" aria-labelledby=\"elementor-tab-title-2841\"><p style=\"font-weight: 400;\"><span style=\"font-family: Lato; font-size: 15.4px; font-style: normal; font-variant-ligatures: normal; font-variant-caps: normal; font-weight: 400;\">Sepeba Ebra&nbsp;<\/span>s\u2019engage \u00e0 assurer la protection des donn\u00e9es personnelles des visiteurs de ses sites web, des utilisateurs de ses services web et applications mobiles, de ses prospects et ses clients et ce, en conformit\u00e9 avec la loi Informatique et Libert\u00e9s.<\/p>\n<p style=\"font-weight: 400;\"><span style=\"font-family: Lato; font-size: 15.4px; font-style: normal; font-variant-ligatures: normal; font-variant-caps: normal; font-weight: 400;\">Sepeba Ebra&nbsp;<\/span>s\u2019engage \u00e0 respecter la r\u00e9glementation applicable \u00e0 l\u2019ensemble des traitements de donn\u00e9es personnelles qu\u2019elle met en \u0153uvre. Plus particuli\u00e8rement,&nbsp;<span style=\"font-family: Lato; font-size: 15.4px; font-style: normal; font-variant-ligatures: normal; font-variant-caps: normal; font-weight: 400;\">Sepeba Ebra&nbsp;<\/span>s\u2019engage notamment \u00e0 respecter les principes suivants :<\/p>\n<ul style=\"font-weight: 400;\">\n<li style=\"font-style: inherit; font-weight: inherit;\">Vos donn\u00e9es personnelles sont trait\u00e9es de mani\u00e8re licite, loyale et transparente (lic\u00e9it\u00e9, loyaut\u00e9, transparence).<\/li>\n<li style=\"font-style: inherit; font-weight: inherit;\">Vos donn\u00e9es personnelles sont collect\u00e9es pour des finalit\u00e9s d\u00e9termin\u00e9es, explicites et l\u00e9gitimes, et ne sont pas trait\u00e9es ult\u00e9rieurement d\u2019une mani\u00e8re incompatible avec ces finalit\u00e9s (limitation des finalit\u00e9s).<\/li>\n<li style=\"font-style: inherit; font-weight: inherit;\">Vos donn\u00e9es personnelles sont conserv\u00e9es de mani\u00e8re ad\u00e9quate, pertinente et sont limit\u00e9es \u00e0 ce qui est n\u00e9cessaire au regard des finalit\u00e9s pour lesquelles elles sont trait\u00e9es (minimisation des donn\u00e9es).<\/li>\n<li style=\"font-style: inherit; font-weight: inherit;\">Vos donn\u00e9es personnelles sont exactes, tenues \u00e0 jour et toutes les mesures raisonnables sont prises pour que les donn\u00e9es inexactes, eu \u00e9gard aux finalit\u00e9s pour lesquelles elles sont trait\u00e9es, soient effac\u00e9es ou rectifi\u00e9es sans tarder (exactitude).<\/li>\n<\/ul>\n<p style=\"font-style: inherit; font-weight: inherit;\"><span style=\"font-family: Lato; font-size: 15.4px; font-style: normal; font-variant-ligatures: normal; font-variant-caps: normal; font-weight: 400;\">Sepeba Ebra&nbsp;<\/span>utilise le logiciel de relation client EBP gr\u00e2ce auquel les mesures techniques et organisationnelles appropri\u00e9es ont \u00e9t\u00e9 mises en \u0153uvre afin de garantir un niveau de s\u00e9curit\u00e9 adapt\u00e9 au risque inh\u00e9rent \u00e0 ses op\u00e9rations de traitement, r\u00e9pondre aux exigences r\u00e9glementaires et prot\u00e9ger les droits et les donn\u00e9es des personnes concern\u00e9es d\u00e8s le d\u00e9but du traitement.<\/p>\n<p style=\"font-style: inherit; font-weight: inherit;\">Nous vous invitons \u00e0 lire cette Politique de Protection des Donn\u00e9es Personnelles r\u00e9guli\u00e8rement afin d\u2019\u00eatre tenu(e) inform\u00e9(e) des \u00e9ventuelles modifications de cette derni\u00e8re, notamment celles relatives \u00e0 la collecte et aux conditions de traitement de vos donn\u00e9es personnelles.<\/p><\/div>\n\t\t\t\t<\/div>\n\t\t\t\t\t\t\t<div class=\"elementor-toggle-item\">\n\t\t\t\t\t<div id=\"elementor-tab-title-2842\" class=\"elementor-tab-title\" data-tab=\"2\" role=\"button\" aria-controls=\"elementor-tab-content-2842\" aria-expanded=\"false\">\n\t\t\t\t\t\t\t\t\t\t\t\t<span class=\"elementor-toggle-icon elementor-toggle-icon-left\" aria-hidden=\"true\">\n\t\t\t\t\t\t\t\t\t\t\t\t\t\t\t<span class=\"elementor-toggle-icon-closed\"><i class=\"fas fa-caret-right\"><\/i><\/span>\n\t\t\t\t\t\t\t\t<span class=\"elementor-toggle-icon-opened\"><i class=\"elementor-toggle-icon-opened fas fa-caret-up\"><\/i><\/span>\n\t\t\t\t\t\t\t\t\t\t\t\t\t<\/span>\n\t\t\t\t\t\t\t\t\t\t\t\t<a class=\"elementor-toggle-title\" tabindex=\"0\">Introduction<\/a>\n\t\t\t\t\t<\/div>\n\n\t\t\t\t\t<div id=\"elementor-tab-content-2842\" class=\"elementor-tab-content elementor-clearfix\" data-tab=\"2\" role=\"region\" aria-labelledby=\"elementor-tab-title-2842\"><p style=\"font-weight: 400;\">La pr\u00e9sente politique de confidentialit\u00e9 d\u00e9finit la mani\u00e8re dont&nbsp;<span style=\"font-family: Lato; font-size: 15.4px; font-style: normal; font-variant-ligatures: normal; font-variant-caps: normal; font-weight: 400;\">Sepeba Ebra&nbsp;<\/span>utilise et prot\u00e8ge les informations que vous lui transmettez.<\/p>\n<p style=\"font-weight: 400;\">Veuillez noter que cette politique de confidentialit\u00e9 est susceptible d\u2019\u00eatre modifi\u00e9e ou compl\u00e9t\u00e9e \u00e0 tout moment par&nbsp;<span style=\"font-family: Lato; font-size: 15.4px; font-style: normal; font-variant-ligatures: normal; font-variant-caps: normal; font-weight: 400;\">Sepeba Ebra&nbsp;<\/span>, notamment en vue de se conformer \u00e0 toute \u00e9volution l\u00e9gislative, r\u00e9glementaire, jurisprudentielle ou technologique. Dans un tel cas, la date de sa mise \u00e0 jour sera clairement identifi\u00e9e en t\u00eate de la pr\u00e9sente politique. Ces modifications engagent le client contractant avec&nbsp;<span style=\"font-family: Lato; font-size: 15.4px; font-style: normal; font-variant-ligatures: normal; font-variant-caps: normal; font-weight: 400;\">Sepeba Ebra&nbsp;<\/span>d\u00e8s leur mise en ligne, charge \u00e0 lui de consulter r\u00e9guli\u00e8rement ce document afin de prendre connaissance de ses \u00e9ventuelles modifications.<\/p>\n<p style=\"font-weight: 400;\">Conform\u00e9ment au R\u00e8glement G\u00e9n\u00e9ral sur la Protection des Donn\u00e9es adopt\u00e9 par le Parlement europ\u00e9en le 14 avril 2016 et \u00e0 la Loi Informatique et Libert\u00e9s du 6 janvier 1978 modifi\u00e9e,&nbsp;<span style=\"font-family: Lato; font-size: 15.4px; font-style: normal; font-variant-ligatures: normal; font-variant-caps: normal; font-weight: 400;\">Sepeba Ebra&nbsp;<\/span>vous informe des points suivants :<\/p><\/div>\n\t\t\t\t<\/div>\n\t\t\t\t\t\t\t<div class=\"elementor-toggle-item\">\n\t\t\t\t\t<div id=\"elementor-tab-title-2843\" class=\"elementor-tab-title\" data-tab=\"3\" role=\"button\" aria-controls=\"elementor-tab-content-2843\" aria-expanded=\"false\">\n\t\t\t\t\t\t\t\t\t\t\t\t<span class=\"elementor-toggle-icon elementor-toggle-icon-left\" aria-hidden=\"true\">\n\t\t\t\t\t\t\t\t\t\t\t\t\t\t\t<span class=\"elementor-toggle-icon-closed\"><i class=\"fas fa-caret-right\"><\/i><\/span>\n\t\t\t\t\t\t\t\t<span class=\"elementor-toggle-icon-opened\"><i class=\"elementor-toggle-icon-opened fas fa-caret-up\"><\/i><\/span>\n\t\t\t\t\t\t\t\t\t\t\t\t\t<\/span>\n\t\t\t\t\t\t\t\t\t\t\t\t<a class=\"elementor-toggle-title\" tabindex=\"0\">Responsable du traitement des donn\u00e9es<\/a>\n\t\t\t\t\t<\/div>\n\n\t\t\t\t\t<div id=\"elementor-tab-content-2843\" class=\"elementor-tab-content elementor-clearfix\" data-tab=\"3\" role=\"region\" aria-labelledby=\"elementor-tab-title-2843\"><p>Les donn\u00e9es personnelles sont collect\u00e9es et trait\u00e9es par\u00a0<span style=\"font-family: Lato; font-size: 15.4px; font-style: normal; font-variant-ligatures: normal; font-variant-caps: normal; font-weight: 400;\">Sepeba Ebra<\/span>. Aucune information personnelle n\u2019est collect\u00e9e \u00e0 votre insu.\u00a0<span style=\"font-size: 15.4px;\">Le responsable du traitement est la soci\u00e9t\u00e9 :<\/span><\/p><p><strong>D\u00e9nomination sociale<\/strong>\u00a0: SEPEBA EBRA S.A.S.<br \/><strong>Au capital de<\/strong>\u00a0: 51.072 euros<br \/><strong>RCS<\/strong>\u00a0: Angers 93 B 16<br \/><strong>SIRET<\/strong>\u00a0: 389 667 577 000 32<br \/><strong>Si\u00e8ge Social<\/strong>\u00a0: 12 rue de la Treillerie, 49070 Beaucouz\u00e9, FRANCE<br \/><strong style=\"font-size: 15.4px;\">T\u00e9l. : +33 (0)2 41 68 02 02<\/strong><\/p><p><a style=\"font-size: 15.4px; background-color: #ffffff;\" href=\"http:\/\/https\/\/:www.ebra-semoir.fr\" data-wplink-url-error=\"true\"><strong>www.ebra-semoir.fr<\/strong><\/a><\/p><p>La soci\u00e9t\u00e9\u00a0<span style=\"font-family: Lato; font-size: 15.4px; font-style: normal; font-variant-ligatures: normal; font-variant-caps: normal; font-weight: 400;\">Sepeba Ebra<\/span> a d\u00e9sign\u00e9 un Data Protection Officer (DPO) qui peut \u00eatre contact\u00e9 \u00e0 l\u2019adresse suivante : <a href=\"mailto:info@sepeba.fr\"><strong>info[at]sepeba.fr<\/strong><\/a>.<\/p><\/div>\n\t\t\t\t<\/div>\n\t\t\t\t\t\t\t<div class=\"elementor-toggle-item\">\n\t\t\t\t\t<div id=\"elementor-tab-title-2844\" class=\"elementor-tab-title\" data-tab=\"4\" role=\"button\" aria-controls=\"elementor-tab-content-2844\" aria-expanded=\"false\">\n\t\t\t\t\t\t\t\t\t\t\t\t<span class=\"elementor-toggle-icon elementor-toggle-icon-left\" aria-hidden=\"true\">\n\t\t\t\t\t\t\t\t\t\t\t\t\t\t\t<span class=\"elementor-toggle-icon-closed\"><i class=\"fas fa-caret-right\"><\/i><\/span>\n\t\t\t\t\t\t\t\t<span class=\"elementor-toggle-icon-opened\"><i class=\"elementor-toggle-icon-opened fas fa-caret-up\"><\/i><\/span>\n\t\t\t\t\t\t\t\t\t\t\t\t\t<\/span>\n\t\t\t\t\t\t\t\t\t\t\t\t<a class=\"elementor-toggle-title\" tabindex=\"0\">Finalit\u00e9 du traitement des donn\u00e9es<\/a>\n\t\t\t\t\t<\/div>\n\n\t\t\t\t\t<div id=\"elementor-tab-content-2844\" class=\"elementor-tab-content elementor-clearfix\" data-tab=\"4\" role=\"region\" aria-labelledby=\"elementor-tab-title-2844\"><div class=\"elementor-element elementor-element-91b611b elementor-widget elementor-widget-text-editor\" data-id=\"91b611b\" data-element_type=\"text-editor.default\">\n<div class=\"elementor-widget-container\">\n<div class=\"elementor-text-editor elementor-clearfix\">\n<p>Les donn\u00e9es personnelles recueillies servent \u00e0 des fins de gestion des clients-prospects et de statistiques internes \u00e0 la soci\u00e9t\u00e9&nbsp;<span style=\"font-family: Lato; font-size: 15.4px; font-style: normal; font-variant-ligatures: normal; font-variant-caps: normal; font-weight: 400;\">Sepeba Ebra<\/span>.<\/p>\n<\/div>\n<\/div>\n<\/div><\/div>\n\t\t\t\t<\/div>\n\t\t\t\t\t\t\t<div class=\"elementor-toggle-item\">\n\t\t\t\t\t<div id=\"elementor-tab-title-2845\" class=\"elementor-tab-title\" data-tab=\"5\" role=\"button\" aria-controls=\"elementor-tab-content-2845\" aria-expanded=\"false\">\n\t\t\t\t\t\t\t\t\t\t\t\t<span class=\"elementor-toggle-icon elementor-toggle-icon-left\" aria-hidden=\"true\">\n\t\t\t\t\t\t\t\t\t\t\t\t\t\t\t<span class=\"elementor-toggle-icon-closed\"><i class=\"fas fa-caret-right\"><\/i><\/span>\n\t\t\t\t\t\t\t\t<span class=\"elementor-toggle-icon-opened\"><i class=\"elementor-toggle-icon-opened fas fa-caret-up\"><\/i><\/span>\n\t\t\t\t\t\t\t\t\t\t\t\t\t<\/span>\n\t\t\t\t\t\t\t\t\t\t\t\t<a class=\"elementor-toggle-title\" tabindex=\"0\">Gestion des Clients - Prospects<\/a>\n\t\t\t\t\t<\/div>\n\n\t\t\t\t\t<div id=\"elementor-tab-content-2845\" class=\"elementor-tab-content elementor-clearfix\" data-tab=\"5\" role=\"region\" aria-labelledby=\"elementor-tab-title-2845\"><p>Les informations et les donn\u00e9es vous concernant sont n\u00e9cessaires \u00e0 la gestion de votre compte client (contrats, commandes, livraisons, factures, programmes de fid\u00e9lit\u00e9\u2026) et \u00e0 la relation client (service apr\u00e8s-vente, enqu\u00eates de satisfaction\u2026).<\/p><p>Les donn\u00e9es permettant d\u2019\u00e9tablir la preuve d\u2019un droit ou d\u2019un contrat ou conserv\u00e9es au titre du respect d\u2019une obligation l\u00e9gale peuvent \u00eatre archiv\u00e9es conform\u00e9ment aux dispositions en vigueur (notamment celles pr\u00e9vues par le code de commerce, le code civil et le code de la consommation).<\/p><\/div>\n\t\t\t\t<\/div>\n\t\t\t\t\t\t\t<div class=\"elementor-toggle-item\">\n\t\t\t\t\t<div id=\"elementor-tab-title-2846\" class=\"elementor-tab-title\" data-tab=\"6\" role=\"button\" aria-controls=\"elementor-tab-content-2846\" aria-expanded=\"false\">\n\t\t\t\t\t\t\t\t\t\t\t\t<span class=\"elementor-toggle-icon elementor-toggle-icon-left\" aria-hidden=\"true\">\n\t\t\t\t\t\t\t\t\t\t\t\t\t\t\t<span class=\"elementor-toggle-icon-closed\"><i class=\"fas fa-caret-right\"><\/i><\/span>\n\t\t\t\t\t\t\t\t<span class=\"elementor-toggle-icon-opened\"><i class=\"elementor-toggle-icon-opened fas fa-caret-up\"><\/i><\/span>\n\t\t\t\t\t\t\t\t\t\t\t\t\t<\/span>\n\t\t\t\t\t\t\t\t\t\t\t\t<a class=\"elementor-toggle-title\" tabindex=\"0\">Personnalisation des Services<\/a>\n\t\t\t\t\t<\/div>\n\n\t\t\t\t\t<div id=\"elementor-tab-content-2846\" class=\"elementor-tab-content elementor-clearfix\" data-tab=\"6\" role=\"region\" aria-labelledby=\"elementor-tab-title-2846\"><p>Les informations et les donn\u00e9es vous concernant permettent \u00e0&nbsp;<span style=\"font-family: Lato; font-size: 15.4px; font-style: normal; font-variant-ligatures: normal; font-variant-caps: normal; font-weight: 400;\">Sepeba Ebra<\/span>&nbsp;d\u2019am\u00e9liorer et de personnaliser les produits et les services que nous pouvons vous proposer, ainsi que les informations que nous pouvons \u00eatre amen\u00e9es \u00e0 vous communiquer.<\/p><\/div>\n\t\t\t\t<\/div>\n\t\t\t\t\t\t\t<div class=\"elementor-toggle-item\">\n\t\t\t\t\t<div id=\"elementor-tab-title-2847\" class=\"elementor-tab-title\" data-tab=\"7\" role=\"button\" aria-controls=\"elementor-tab-content-2847\" aria-expanded=\"false\">\n\t\t\t\t\t\t\t\t\t\t\t\t<span class=\"elementor-toggle-icon elementor-toggle-icon-left\" aria-hidden=\"true\">\n\t\t\t\t\t\t\t\t\t\t\t\t\t\t\t<span class=\"elementor-toggle-icon-closed\"><i class=\"fas fa-caret-right\"><\/i><\/span>\n\t\t\t\t\t\t\t\t<span class=\"elementor-toggle-icon-opened\"><i class=\"elementor-toggle-icon-opened fas fa-caret-up\"><\/i><\/span>\n\t\t\t\t\t\t\t\t\t\t\t\t\t<\/span>\n\t\t\t\t\t\t\t\t\t\t\t\t<a class=\"elementor-toggle-title\" tabindex=\"0\">Informations<\/a>\n\t\t\t\t\t<\/div>\n\n\t\t\t\t\t<div id=\"elementor-tab-content-2847\" class=\"elementor-tab-content elementor-clearfix\" data-tab=\"7\" role=\"region\" aria-labelledby=\"elementor-tab-title-2847\"><p>Vous \u00eates susceptible de recevoir des offres commerciales de notre soci\u00e9t\u00e9 pour des produits et des services analogues ou compl\u00e9mentaires \u00e0 ceux que vous avez command\u00e9s.<\/p><\/div>\n\t\t\t\t<\/div>\n\t\t\t\t\t\t\t<div class=\"elementor-toggle-item\">\n\t\t\t\t\t<div id=\"elementor-tab-title-2848\" class=\"elementor-tab-title\" data-tab=\"8\" role=\"button\" aria-controls=\"elementor-tab-content-2848\" aria-expanded=\"false\">\n\t\t\t\t\t\t\t\t\t\t\t\t<span class=\"elementor-toggle-icon elementor-toggle-icon-left\" aria-hidden=\"true\">\n\t\t\t\t\t\t\t\t\t\t\t\t\t\t\t<span class=\"elementor-toggle-icon-closed\"><i class=\"fas fa-caret-right\"><\/i><\/span>\n\t\t\t\t\t\t\t\t<span class=\"elementor-toggle-icon-opened\"><i class=\"elementor-toggle-icon-opened fas fa-caret-up\"><\/i><\/span>\n\t\t\t\t\t\t\t\t\t\t\t\t\t<\/span>\n\t\t\t\t\t\t\t\t\t\t\t\t<a class=\"elementor-toggle-title\" tabindex=\"0\">Newsletters<\/a>\n\t\t\t\t\t<\/div>\n\n\t\t\t\t\t<div id=\"elementor-tab-content-2848\" class=\"elementor-tab-content elementor-clearfix\" data-tab=\"8\" role=\"region\" aria-labelledby=\"elementor-tab-title-2848\"><p>L\u2019abonnement \u00e0 une newsletter (lettre d\u2019informations) vous permet de recevoir par courrier \u00e9lectronique des contenus techniques et des offres \u00e9manant de&nbsp;<span style=\"font-family: Lato; font-size: 15.4px; font-style: normal; font-variant-ligatures: normal; font-variant-caps: normal; font-weight: 400;\">Sepeba Ebra<\/span>, ceci afin de vous tenir inform\u00e9 de notre actualit\u00e9 et des avantages dont vous pouvez b\u00e9n\u00e9ficier.&nbsp;<span style=\"font-size: 15.4px;\">Le taux d\u2019ouverture de nos envois par courrier \u00e9lectronique peut \u00eatre mesur\u00e9 afin de l\u2019adapter au mieux aux besoins et attentes de nos clients et prospects.&nbsp;<\/span><span style=\"font-size: 15.4px;\">Vous pouvez \u00e0 tout moment supprimer votre abonnement \u00e0 une lettre d\u2019information en cliquant sur le lien de d\u00e9sabonnement inclus dans la newsletter.&nbsp;<\/span><span style=\"font-size: 15.4px;\">Chacun des sites exploit\u00e9s par&nbsp;<\/span><span style=\"font-family: Lato; font-size: 15.4px; font-style: normal; font-variant-ligatures: normal; font-variant-caps: normal; font-weight: 400;\">Sepeba Ebra&nbsp;<\/span><span style=\"font-size: 15.4px;\">peut disposer de sa propre newsletter.<\/span><\/p><\/div>\n\t\t\t\t<\/div>\n\t\t\t\t\t\t\t<div class=\"elementor-toggle-item\">\n\t\t\t\t\t<div id=\"elementor-tab-title-2849\" class=\"elementor-tab-title\" data-tab=\"9\" role=\"button\" aria-controls=\"elementor-tab-content-2849\" aria-expanded=\"false\">\n\t\t\t\t\t\t\t\t\t\t\t\t<span class=\"elementor-toggle-icon elementor-toggle-icon-left\" aria-hidden=\"true\">\n\t\t\t\t\t\t\t\t\t\t\t\t\t\t\t<span class=\"elementor-toggle-icon-closed\"><i class=\"fas fa-caret-right\"><\/i><\/span>\n\t\t\t\t\t\t\t\t<span class=\"elementor-toggle-icon-opened\"><i class=\"elementor-toggle-icon-opened fas fa-caret-up\"><\/i><\/span>\n\t\t\t\t\t\t\t\t\t\t\t\t\t<\/span>\n\t\t\t\t\t\t\t\t\t\t\t\t<a class=\"elementor-toggle-title\" tabindex=\"0\">Donn\u00e9es collect\u00e9es<\/a>\n\t\t\t\t\t<\/div>\n\n\t\t\t\t\t<div id=\"elementor-tab-content-2849\" class=\"elementor-tab-content elementor-clearfix\" data-tab=\"9\" role=\"region\" aria-labelledby=\"elementor-tab-title-2849\"><div data-id=\"da9314c\" data-element_type=\"text-editor.default\"><div><div><p><em>Pertinence des donn\u00e9es\u00a0<\/em><\/p><\/div><\/div><\/div><div data-id=\"0e3305c\" data-element_type=\"text-editor.default\"><div><div><p>Les donn\u00e9es collect\u00e9es et trait\u00e9es par la soci\u00e9t\u00e9 Sepeba Ebra sont exclusivement destin\u00e9es \u00e0 la soci\u00e9t\u00e9 <span style=\"font-family: Lato; font-size: 15.4px; font-style: normal; font-variant-ligatures: normal; font-variant-caps: normal; font-weight: 400;\">Sepeba Ebra<\/span>.<\/p><p>Chaque formulaire limite la collecte des donn\u00e9es personnelles au strict n\u00e9cessaire (minimisation des donn\u00e9es). Les donn\u00e9es collect\u00e9es sont en ad\u00e9quation avec la finalit\u00e9 du traitement. Il s\u2019agit notamment de : nom et pr\u00e9nom, soci\u00e9t\u00e9, adresse, num\u00e9ro de t\u00e9l\u00e9phone, adresse email, mot de passe, adresse IP, donn\u00e9es de connexion et de navigation, historiques de commandes, pr\u00e9f\u00e9rences, produits consult\u00e9s, r\u00e9clamations\u2026<\/p><p>Le caract\u00e8re obligatoire des donn\u00e9es renseign\u00e9es dans les formulaires en ligne est clairement signal\u00e9.<\/p><p>Les donn\u00e9es personnelles recueillies dans le cadre des formulaires en ligne font l\u2019objet d\u2019un traitement informatis\u00e9 et sont destin\u00e9es aux services de\u00a0<span style=\"font-family: Lato; font-size: 15.4px; font-style: normal; font-variant-ligatures: normal; font-variant-caps: normal; font-weight: 400;\">\u00a0<\/span><span style=\"font-family: Lato; font-size: 15.4px; font-style: normal; font-variant-ligatures: normal; font-variant-caps: normal; font-weight: 400;\">Sepeba Ebra<\/span><span style=\"font-family: Lato; font-size: 15.4px; font-style: normal; font-variant-ligatures: normal; font-variant-caps: normal; font-weight: 400;\">\u00a0<\/span>en charge de traiter votre demande.<\/p><p>Notre formulaire d\u2019enregistrement et de commande implique que vous nous fournissiez des informations (nom, e-mail, adresse postale\u2026) qui nous permettront de vous contacter, des identificateurs uniques (nom d\u2019utilisateur et mot de passe), des informations d\u00e9mographiques (code postal\u2026) et des informations financi\u00e8res (num\u00e9ros de cartes de cr\u00e9dit, de compte\u2026). Ces informations permettent de traiter et de fournir vos commandes. Ces informations financi\u00e8res nous permettent de v\u00e9rifier que la personne ou l\u2019entit\u00e9 concern\u00e9e peut \u00eatre enregistr\u00e9e et de lui facturer les produits et les services demand\u00e9s.<\/p><p>Les donn\u00e9es de connexion (date, heure, adresse Internet, protocole de l\u2019ordinateur du visiteur, page consult\u00e9e) peuvent \u00eatre exploit\u00e9es \u00e0 des fins de mesure d\u2019audience. En vue d\u2019adapter les sites et les services aux demandes de ses visiteurs,\u00a0<span style=\"font-family: Lato; font-size: 15.4px; font-style: normal; font-variant-ligatures: normal; font-variant-caps: normal; font-weight: 400;\">Sepeba Ebra<\/span><span style=\"font-family: Lato; font-size: 15.4px; font-style: normal; font-variant-ligatures: normal; font-variant-caps: normal; font-weight: 400;\">\u00a0<\/span>effectue des mesures d\u2019audience : mesure du nombre de visites du site et de leur dur\u00e9e, du nombre de pages vues, ainsi que de l\u2019activit\u00e9 des visiteurs sur le site et leur fr\u00e9quence de retour.<\/p><\/div><\/div><\/div><div data-id=\"c5772dc\" data-element_type=\"text-editor.default\"><div><div><p><b>Quand les donn\u00e9es sont-elles collect\u00e9es ?\u00a0<\/b><\/p><\/div><\/div><\/div><div data-id=\"035a608\" data-element_type=\"text-editor.default\"><div><div><p>Ces informations sont collect\u00e9es d\u00e8s lors que :<\/p><ul><li>Vous contactez notre service commercial et\/ou technique<\/li><li>Vous r\u00e9digez un message ou un commentaire<\/li><li>Vous renseignez un formulaire en ligne<\/li><li>Vous effectuez une commande<\/li><li>Vous naviguez sur notre site et consultez des produits<\/li><li>Vous cr\u00e9ez votre compte client (Mon Compte)<\/li><li>Vous souscrivez \u00e0 des services web, des notifications par email et\/ou lettres d\u2019informations<\/li><\/ul><\/div><\/div><\/div><div data-id=\"b41a28f\" data-element_type=\"text-editor.default\"><div><div><p><b>Dur\u00e9e de conservation\u00a0<\/b><\/p><\/div><\/div><\/div><div data-id=\"04f76d1\" data-element_type=\"text-editor.default\"><div><div><p>Sauf indication contraire, nous stockons vos donn\u00e9es personnelles pendant la p\u00e9riode strictement n\u00e9cessaire \u00e0 la r\u00e9alisation des finalit\u00e9s susmentionn\u00e9es et en conformit\u00e9 avec la loi applicable. Dans certains cas, nous sommes dans l\u2019obligation de conserver des donn\u00e9es pour r\u00e9pondre \u00e0 nos obligations l\u00e9gales et administratives. Lorsque nous n\u2019avons plus besoin des informations, nous les supprimons de nos syst\u00e8mes ou nous les anonymisons. A compter du 25 mai 2018, vous \u00eates en droit de demander la portabilit\u00e9 de vos donn\u00e9es \u00e0 caract\u00e8re personnel dans les limites autoris\u00e9es par la loi, sous un format structur\u00e9, couramment utilis\u00e9 et lisible par la machine et pouvez solliciter la limitation du traitement de vos donn\u00e9es.<\/p><p>Enfin, vous disposez du droit de d\u00e9finir des directives relatives au sort de vos donn\u00e9es \u00e0 caract\u00e8re personnel apr\u00e8s votre mort.<\/p><\/div><\/div><\/div><div data-id=\"50d8e9c\" data-element_type=\"text-editor.default\"><div><div><p><b>Destinataire des donn\u00e9es\u00a0<\/b><\/p><\/div><\/div><\/div><div data-id=\"c09aec8\" data-element_type=\"text-editor.default\"><div><div><p>Les donn\u00e9es collect\u00e9es par Sepeba Ebra sont exclusivement destin\u00e9es \u00e0 Sepeba Ebra :<\/p><ul><li>Les personnes charg\u00e9es du service marketing, du service commercial, des services administratifs, techniques et informatiques ainsi que leurs responsables hi\u00e9rarchiques.<\/li><li>Les services charg\u00e9s du contr\u00f4le (commissaire aux comptes, services charg\u00e9s des proc\u00e9dures internes du contr\u00f4le\u2026).<\/li><\/ul><\/div><\/div><\/div><div data-id=\"d51dfbf\" data-element_type=\"text-editor.default\"><div><div><p><b>Informations partag\u00e9es\u00a0<\/b><\/p><\/div><\/div><\/div><div data-id=\"de33883\" data-element_type=\"text-editor.default\"><div><div><p>Nous ne divulguons pas les donn\u00e9es personnelles que nous recueillons sur vous, sauf dans les cas suivants :<\/p><p>Aux Services qui vous fournissent les livraisons.<\/p><ul><li>Avec des prestataires de services qui assurent l\u2019h\u00e9bergement web, le stockage d\u2019informations, les fournisseurs de CRM, helpdesk\u2026 ainsi que les services d\u2019analyse et de gestion des tags, comme Google Analytics.<\/li><li>Avec d\u2019\u00e9ventuels prestataires de services ou sous-traitants auxquels\u00a0<span style=\"font-family: Lato; font-size: 15.4px; font-style: normal; font-variant-ligatures: normal; font-variant-caps: normal; font-weight: 400;\">Sepeba Ebra\u00a0<\/span><span style=\"font-size: 15.4px;\">peut faire appel pour certaines missions, notamment formations, enqu\u00eates de satisfaction, suivi de client\u00e8le, support technique.<\/span><\/li><li>Si nous sommes tenus de le faire par la loi : avec les autorit\u00e9s polici\u00e8res, repr\u00e9sentants du gouvernement ou autres parties en r\u00e9ponse \u00e0 une d\u00e9cision judiciaire, proc\u00e9dure judiciaire ou assignation.<\/li><\/ul><\/div><\/div><\/div><div data-id=\"60dbe30\" data-element_type=\"text-editor.default\"><div><div><p><b>Transfert de vos donn\u00e9es personnelles\u00a0<\/b><\/p><\/div><\/div><\/div><div data-id=\"38c1324\" data-element_type=\"text-editor.default\"><div><div><p>Les informations que nous collectons sur vous peuvent \u00eatre transf\u00e9r\u00e9es, stock\u00e9es et trait\u00e9es dans d\u2019autres pays de l\u2019Espace Economique Europ\u00e9en (EEE) pour les finalit\u00e9s susmentionn\u00e9es.<\/p><p>Lorsque nous transf\u00e9rons vos informations vers un pays n\u2019offrant pas un degr\u00e9 suffisant de protection, nous prenons les mesures n\u00e9cessaires pour pr\u00e9server la s\u00e9curit\u00e9 de vos donn\u00e9es personnelles.<\/p><\/div><\/div><\/div><div data-id=\"86eacf5\" data-element_type=\"text-editor.default\"><div><div><p><b>S\u00e9curit\u00e9 et confidentialit\u00e9 des donn\u00e9es\u00a0<\/b><\/p><\/div><\/div><\/div><div data-id=\"e4b940f\" data-element_type=\"text-editor.default\"><div><div><p>Le responsable du traitement prend toutes pr\u00e9cautions utiles techniques et organisationnelles pour pr\u00e9server la s\u00e9curit\u00e9 des donn\u00e9es personnelles collect\u00e9es contre les destructions accidentelles ou involontaires, les pertes accidentelles, les modifications, les divulgations ou acc\u00e8s ou utilisations non-autoris\u00e9es.<\/p><\/div><\/div><\/div><div data-id=\"663fc25\" data-element_type=\"text-editor.default\"><div><div><p><em>Donn\u00e9es collect\u00e9es lors d\u2019un paiement en ligne\u00a0<\/em><\/p><\/div><\/div><\/div><div data-id=\"5060db1\" data-element_type=\"text-editor.default\"><div><div><p>En mati\u00e8re de paiement pour la vente de biens ou de fourniture de services \u00e0 distance, nous ne collectons que les donn\u00e9es strictement n\u00e9cessaires \u00e0 la r\u00e9alisation d\u2019un paiement qui sont par d\u00e9faut :<\/p><ul><li>Le num\u00e9ro de la carte bancaire,<\/li><li>Sa date d\u2019expiration,<\/li><li>Le cryptogramme visuel.<\/li><\/ul><p>Aucune information relative aux moyens de paiement en ligne n\u2019est conserv\u00e9e au-del\u00e0 de la transaction. Nous ne proposons pas au porteur de la carte la conservation des donn\u00e9es de sa carte bancaire pour faciliter ses achats ult\u00e9rieurs.<\/p><p>Nous utilisons \u00e9galement Stripe comme moyen de paiement en ligne. Stripe est un syst\u00e8me de paiement en ligne s\u00e9curis\u00e9. Stripe contribue \u00e0 prot\u00e9ger les informations concernant votre carte bancaire gr\u00e2ce aux meilleurs syst\u00e8mes pr\u00e9sents sur le march\u00e9 pour la s\u00e9curit\u00e9 et la pr\u00e9vention contre la fraude. Lorsque vous utilisez Stripe, vos informations financi\u00e8res ne sont jamais communiqu\u00e9es au marchand.<\/p><\/div><\/div><\/div><div data-id=\"7704b3a\" data-element_type=\"text-editor.default\"><div><div><p><b>R\u00e9seaux sociaux<\/b><\/p><\/div><\/div><\/div><div data-id=\"f0443e5\" data-element_type=\"text-editor.default\"><div><div><p>Certains de nos sites et applications permettent aux utilisateurs de poster leur propre contenu. Nous attirons votre attention sur le fait que les contenus pr\u00e9sent\u00e9s sur nos plateformes sociales peuvent \u00eatre vus par le public. Nous vous invitons \u00e0 \u00eatre vigilant(e) lorsque vous fournissez certaines donn\u00e9es personnelles sur ces plateformes. Nous ne pouvons pas \u00eatre tenus responsables des actions prises par d\u2019autres personnes si vous postez des donn\u00e9es personnelles sur l\u2019une de nos plateformes de r\u00e9seaux sociaux.<\/p><\/div><\/div><\/div><div data-id=\"9120258\" data-element_type=\"text-editor.default\"><div><div><p><b>Vos droits\u00a0<\/b><\/p><\/div><\/div><\/div><div data-id=\"0d0ef2e\" data-element_type=\"text-editor.default\"><div><div><p>Conform\u00e9ment \u00e0 la loi Informatique et Libert\u00e9s et au RGPD, vous disposez d\u2019un droit \u00e0 l\u2019information, d\u2019un droit d\u2019acc\u00e8s, d\u2019un droit de rectification, d\u2019un droit d\u2019effacement ou \u00ab droit \u00e0 l\u2019oubli \u00bb, d\u2019un droit \u00e0 la limitation du traitement, d\u2019un droit \u00e0 la portabilit\u00e9 des donn\u00e9es, d\u2019un droit d\u2019opposition, d\u2019un droit de ne pas \u00eatre soumis \u00e0 une d\u00e9cision individuelle automatis\u00e9e, et d\u2019un droit \u00e0 la communication d\u2019une violation de donn\u00e9es \u00e0 caract\u00e8re personnel.<\/p><p>Pour toute information ou exercice de vos droits Informatique et Libert\u00e9s sur les traitements de donn\u00e9es personnelles g\u00e9r\u00e9s par Sepeba Ebra, vous pouvez contacter le responsable du traitement par courrier : <strong>Sepeba Ebra \u2013 12 rue de la Treillerie, 49070 Beaucouz\u00e9, FRANCE,\u00a0ou par email<\/strong> : <a href=\"mailto:info@sepeba.fr\"><strong>info[at]sepeba.fr<\/strong><\/a>.\u00a0<\/p><\/div><\/div><\/div><div data-id=\"3c24640\" data-element_type=\"text-editor.default\"><div><div><p><b>D\u00e9lais de r\u00e9ponse<\/b><\/p><\/div><\/div><\/div><div data-id=\"4bba2d5\" data-element_type=\"text-editor.default\"><div><div>Sepeba Ebra s\u2019engage \u00e0 r\u00e9pondre \u00e0 votre demande d\u2019acc\u00e8s, de rectification ou d\u2019opposition ou toute autre demande compl\u00e9mentaire d\u2019informations dans un d\u00e9lai raisonnable qui ne saurait d\u00e9passer 1 mois \u00e0 compter de la r\u00e9ception de votre demande.<\/div><div>\u00a0<\/div><\/div><\/div><div data-id=\"aec904a\" data-element_type=\"text-editor.default\"><div><div><div style=\"font-variant-ligatures: normal; font-variant-caps: normal; font-family: Lato; font-size: 15.4px; font-style: normal; font-weight: 400;\" data-id=\"3c24640\" data-element_type=\"text-editor.default\"><div style=\"font-size: 15.4px;\"><div style=\"font-size: 15.4px;\"><p style=\"font-size: 15.4px;\"><span style=\"font-size: 15.4px; font-weight: bold;\">Prestataires habilit\u00e9s<\/span><\/p><\/div><\/div><\/div><div style=\"font-variant-ligatures: normal; font-variant-caps: normal; font-family: Lato; font-size: 15.4px; font-style: normal; font-weight: 400;\" data-id=\"4bba2d5\" data-element_type=\"text-editor.default\"><div style=\"font-size: 15.4px;\"><div style=\"font-size: 15.4px;\"><span style=\"font-family: Lato; font-size: 15.4px; font-style: normal; font-variant-ligatures: normal; font-variant-caps: normal; font-weight: 400;\">Sepeba Ebra utilise les logiciels EBP pour le traitement et le stockage de vos donn\u00e9es.<\/span><\/div><\/div><\/div><\/div><\/div><\/div><\/div>\n\t\t\t\t<\/div>\n\t\t\t\t\t\t\t<div class=\"elementor-toggle-item\">\n\t\t\t\t\t<div id=\"elementor-tab-title-28410\" class=\"elementor-tab-title\" data-tab=\"10\" role=\"button\" aria-controls=\"elementor-tab-content-28410\" aria-expanded=\"false\">\n\t\t\t\t\t\t\t\t\t\t\t\t<span class=\"elementor-toggle-icon elementor-toggle-icon-left\" aria-hidden=\"true\">\n\t\t\t\t\t\t\t\t\t\t\t\t\t\t\t<span class=\"elementor-toggle-icon-closed\"><i class=\"fas fa-caret-right\"><\/i><\/span>\n\t\t\t\t\t\t\t\t<span class=\"elementor-toggle-icon-opened\"><i class=\"elementor-toggle-icon-opened fas fa-caret-up\"><\/i><\/span>\n\t\t\t\t\t\t\t\t\t\t\t\t\t<\/span>\n\t\t\t\t\t\t\t\t\t\t\t\t<a class=\"elementor-toggle-title\" tabindex=\"0\">Politique relative aux Cookies<\/a>\n\t\t\t\t\t<\/div>\n\n\t\t\t\t\t<div id=\"elementor-tab-content-28410\" class=\"elementor-tab-content elementor-clearfix\" data-tab=\"10\" role=\"region\" aria-labelledby=\"elementor-tab-title-28410\"><p style=\"font-style: inherit; font-weight: inherit;\">Lors de votre premi\u00e8re connexion sur les sites web de Sepeba Ebra, vous \u00eates averti par un bandeau plac\u00e9 sur l\u2019\u00e9cran que des informations relatives \u00e0 votre navigation sont susceptibles d\u2019\u00eatre enregistr\u00e9es dans des fichiers d\u00e9nomm\u00e9s \u00ab cookies \u00bb.<\/p><p style=\"font-style: inherit; font-weight: inherit;\">Notre politique d\u2019utilisation des cookies vous permet de mieux comprendre les dispositions que nous mettons en \u0153uvre en mati\u00e8re de navigation sur notre site web. Elle vous informe notamment sur l\u2019ensemble des cookies pr\u00e9sents sur notre site web, leur finalit\u00e9 (partie I.) et vous donne la marche \u00e0 suivre pour les param\u00e9trer (partie II.)<\/p><p style=\"font-style: inherit;\"><b><span style=\"font-style: inherit;\">Informations g\u00e9n\u00e9rales sur les cookies pr\u00e9sents sur les sites de\u00a0<\/span><span style=\"font-family: Lato; font-size: 15.4px; font-style: normal; font-variant-ligatures: normal; font-variant-caps: normal;\">Sepeba Ebra<\/span><\/b><\/p><p style=\"font-style: inherit; font-weight: inherit;\"><span style=\"font-family: Lato; font-size: 15.4px; font-style: normal; font-variant-ligatures: normal; font-variant-caps: normal; font-weight: 400;\">Sepeba Ebra<\/span>, en tant qu\u2019\u00e9diteur du pr\u00e9sent site web, pourra proc\u00e9der \u00e0 l\u2019implantation d\u2019un cookie sur le disque dur de votre terminal (ordinateur, tablette, mobile etc.) afin de vous garantir une navigation fluide et optimale sur notre site Internet.<\/p><p style=\"font-style: inherit; font-weight: inherit;\">Les informations recueillies par le biais des cookies sont utilis\u00e9es exclusivement pour nos besoins propres afin d\u2019am\u00e9liorer l\u2019interactivit\u00e9 et la performance de notre site web et de vous adresser des contenus adapt\u00e9s \u00e0 vos centres d\u2019int\u00e9r\u00eats. Aucune de ces informations ne fait l\u2019objet d\u2019une communication aupr\u00e8s de tiers.<\/p><p style=\"font-style: inherit; font-weight: inherit;\"><strong style=\"font-style: inherit; font-weight: 600;\">Configuration de vos pr\u00e9f\u00e9rences sur les cookies\u00a0<\/strong><\/p><p style=\"font-style: inherit; font-weight: inherit;\">Vous pouvez accepter ou refuser le d\u00e9p\u00f4t de cookies \u00e0 tout moment.<\/p><p style=\"font-style: inherit; font-weight: inherit;\">Lors de votre premi\u00e8re connexion sur les sites web de\u00a0<span style=\"font-family: Lato; font-size: 15.4px; font-style: normal; font-variant-ligatures: normal; font-variant-caps: normal; font-weight: 400;\">Sepeba Ebra<\/span>, une banni\u00e8re pr\u00e9sentant bri\u00e8vement des informations relatives au d\u00e9p\u00f4t de cookies et de technologies similaires appara\u00eet sur votre \u00e9cran. Cette banni\u00e8re vous avertit qu\u2019en poursuivant votre navigation sur les sites web de\u00a0<span style=\"font-family: Lato; font-size: 15.4px; font-style: normal; font-variant-ligatures: normal; font-variant-caps: normal; font-weight: 400;\">Sepeba Ebra<\/span>\u00a0(en chargeant une nouvelle page ou en cliquant sur divers \u00e9l\u00e9ments du site par exemple), vous acceptez le d\u00e9p\u00f4t de cookies sur votre terminal. Vous \u00eates \u00e9galement r\u00e9put\u00e9 avoir donn\u00e9 votre accord au d\u00e9p\u00f4t de cookies en cliquant sur le bouton de fermeture \u00e0 droite de la banni\u00e8re.<\/p><p style=\"font-style: inherit; font-weight: inherit;\">Selon le type de cookie en cause, le recueil de votre consentement au d\u00e9p\u00f4t et \u00e0 la lecture de cookies sur votre terminal peut \u00eatre imp\u00e9ratif.<\/p><p><span style=\"font-style: inherit; font-weight: inherit;\"><em style=\"font-style: inherit; font-weight: inherit;\"><u>a. Les cookies exempt\u00e9s de consentement<\/u><\/em><\/span><\/p><p style=\"font-style: inherit; font-weight: inherit;\">Conform\u00e9ment aux recommandations de la Commission Nationale de l\u2019Informatique et des Libert\u00e9s (CNIL), certains cookies sont dispens\u00e9s du recueil pr\u00e9alable de votre consentement dans la mesure o\u00f9 ils sont strictement n\u00e9cessaires au fonctionnement du site internet ou ont pour finalit\u00e9 exclusive de permettre ou faciliter la communication par voie \u00e9lectronique. Il s\u2019agit notamment des cookies d\u2019identifiant de session, d\u2019authentification, de session d\u2019\u00e9quilibrage de charge ainsi que des cookies de personnalisation de votre interface. Ces cookies sont int\u00e9gralement soumis \u00e0 la pr\u00e9sente politique dans la mesure o\u00f9 ils sont \u00e9mis et g\u00e9r\u00e9s par\u00a0<span style=\"font-family: Lato; font-size: 15.4px; font-style: normal; font-variant-ligatures: normal; font-variant-caps: normal; font-weight: 400;\">Sepeba Ebra<\/span>.<\/p><p><span style=\"font-size: 15.4px;\"><u>b. Les cookies n\u00e9cessitant le recueil pr\u00e9alable de votre consentement<\/u><\/span><\/p><p style=\"font-style: inherit; font-weight: inherit;\">Cette exigence concerne les cookies \u00e9mis par des tiers et qui sont qualifi\u00e9s de \u00ab persistants \u00bb dans la mesure o\u00f9 ils demeurent dans votre terminal jusqu\u2019\u00e0 leur effacement ou leur date d\u2019expiration.<\/p><p style=\"font-style: inherit; font-weight: inherit;\">Cette famille de cookie regroupe les cookies de mesure d\u2019audience, les cookies publicitaires (auxquels Sepeba Ebra n\u2019a pas recours) ainsi que les cookies de partage de r\u00e9seaux sociaux (notamment de Facebook, Instagram, YouTube, X et LinkedIn).<\/p><p style=\"font-style: inherit; font-weight: inherit;\">Les cookies de mesure d\u2019audience \u00e9tablissent des statistiques concernant la fr\u00e9quentation et l\u2019utilisation de divers \u00e9l\u00e9ments du site web (comme les contenus\/pages que vous avez visit\u00e9s). Ces donn\u00e9es participent \u00e0 l\u2019am\u00e9lioration de l\u2019ergonomie du site web de Sepeba Ebra. Un outil de mesure d\u2019audience est utilis\u00e9 sur le pr\u00e9sent site internet :\u00a0<a style=\"font-style: inherit; font-weight: inherit;\" href=\"https:\/\/www.ebra-semoir.fr\"><strong style=\"font-style: inherit; font-weight: 600;\">www.ebra-semoir.fr<\/strong><\/a><\/p><p style=\"font-style: inherit; font-weight: inherit;\">ATTENTION : Nous attirons votre attention sur le fait que le refus du d\u00e9p\u00f4t de cookies sur votre terminal est n\u00e9anmoins susceptible d\u2019alt\u00e9rer votre exp\u00e9rience d\u2019utilisateur ainsi que votre acc\u00e8s \u00e0 certains services ou fonctionnalit\u00e9s du pr\u00e9sent site web.<\/p><p style=\"font-style: inherit; font-weight: inherit;\">Le cas \u00e9ch\u00e9ant, Sepeba Ebra d\u00e9cline toute responsabilit\u00e9 concernant les cons\u00e9quences li\u00e9es \u00e0 la d\u00e9gradation de vos conditions de navigation qui interviennent en raison de votre choix de refuser, supprimer ou bloquer les cookies n\u00e9cessaires au fonctionnement du site. Ces cons\u00e9quences ne sauraient constituer un dommage et vous ne pourrez pr\u00e9tendre \u00e0 aucune indemnit\u00e9 de ce fait.<\/p><p><span style=\"text-decoration: underline;\"><span style=\"font-style: inherit; font-weight: inherit;\"><em style=\"font-style: inherit; font-weight: inherit;\">c. Vous disposez de divers outils de param\u00e9trage des cookies<\/em><\/span><\/span><\/p><p style=\"font-style: inherit; font-weight: inherit;\">La plupart des navigateurs Internet sont configur\u00e9s par d\u00e9faut de fa\u00e7on que le d\u00e9p\u00f4t de cookies soit autoris\u00e9. Votre navigateur vous offre l\u2019opportunit\u00e9 de modifier ces param\u00e8tres standards de mani\u00e8re que l\u2019ensemble des cookies soit rejet\u00e9 syst\u00e9matiquement ou bien \u00e0 ce qu\u2019une partie seulement des cookies soit accept\u00e9e ou refus\u00e9e en fonction de leur \u00e9metteur.<\/p><p style=\"font-style: inherit; font-weight: inherit;\"><strong style=\"font-style: inherit; font-weight: 600;\">ATTENTION<\/strong>\u00a0: Nous attirons votre attention sur le fait que le refus du d\u00e9p\u00f4t de cookies sur votre terminal est n\u00e9anmoins susceptible d\u2019alt\u00e9rer votre exp\u00e9rience d\u2019utilisateur ainsi que votre acc\u00e8s \u00e0 certains services ou fonctionnalit\u00e9s du pr\u00e9sent site web.<\/p><p style=\"font-style: inherit; font-weight: inherit;\">Votre navigateur vous permet \u00e9galement de supprimer les cookies existants sur votre terminal ou encore de vous signaler lorsque de nouveaux cookies sont susceptibles d\u2019\u00eatre d\u00e9pos\u00e9s sur votre terminal. Ces param\u00e9trages n\u2019ont pas d\u2019incidence sur votre navigation mais vous font perdre tout le b\u00e9n\u00e9fice apport\u00e9 par le cookie.<\/p><p style=\"font-style: inherit; font-weight: inherit;\">Veuillez ci-dessous prendre connaissance des multiples outils mis \u00e0 votre disposition afin que vous puissiez param\u00e9trer les cookies d\u00e9pos\u00e9s sur votre terminal.<\/p><p style=\"font-style: inherit; font-weight: inherit;\">Chaque navigateur Internet propose ses propres param\u00e8tres de gestion des cookies. Pour savoir de quelle mani\u00e8re modifier vos pr\u00e9f\u00e9rences en mati\u00e8re de cookies, vous trouverez ci-dessous les liens vers l\u2019aide n\u00e9cessaire pour acc\u00e9der au menu de votre navigateur pr\u00e9vu \u00e0 cet effet :<\/p><p style=\"font-style: inherit; font-weight: inherit;\">Chrome :\u00a0<a style=\"font-style: inherit; font-weight: inherit;\" href=\"https:\/\/support.google.com\/chrome\/answer\/95647?hl=fr\"><strong style=\"font-style: inherit; font-weight: 600;\">https:\/\/support.google.com\/chrome\/answer\/95647?hl=fr<\/strong><\/a><\/p><p style=\"font-style: inherit; font-weight: inherit;\">Firefox :\u00a0<a style=\"font-style: inherit; font-weight: inherit;\" href=\"https:\/\/support.mozilla.org\/fr\/kb\/activer-desactiver-cookies\"><strong style=\"font-style: inherit; font-weight: 600;\">https:\/\/support.mozilla.org\/fr\/kb\/activer-desactiver-cookies<\/strong><\/a><\/p><p style=\"font-style: inherit; font-weight: inherit;\">Internet Explorer :\u00a0<a style=\"font-style: inherit; font-weight: inherit;\" href=\"https:\/\/support.microsoft.com\/fr-fr\/help\/17442\/windows-internet-explorer-delete-manage-cookies#ie=ie-11\"><strong style=\"font-style: inherit; font-weight: 600;\">https:\/\/support.microsoft.com\/fr-fr\/help\/17442\/windows-internet-explorer-delete-manage-cookies#ie=ie-11<\/strong><\/a><\/p><p style=\"font-style: inherit; font-weight: inherit;\">Pour toute interrogation ou demande compl\u00e9mentaire d\u2019informations relative \u00e0 la pr\u00e9sente politique des cookies, merci de bien vouloir nous contacter en utilisant notre adresse e-mail :\u00a0<a style=\"font-style: inherit; font-weight: inherit;\" href=\"mailto:info@sepeba.fr\"><strong style=\"font-style: inherit; font-weight: 600;\">info[at]sepeba.fr<\/strong><\/a>.<\/p><\/div>\n\t\t\t\t<\/div>\n\t\t\t\t\t\t\t\t<\/div>\n\t\t\t\t\t\t<\/div>\n\t\t\t\t<\/div>\n\t\t\t\t\t<\/div>\n\t\t<\/div>\n\t\t\t\t\t<\/div>\n\t\t<\/section>\n\t\t\t\t<\/div>\n\t\t","protected":false},"excerpt":{"rendered":"<p>Politique de Confidentialit\u00e9 Chez Sepeba Ebra, nous accordons de l\u2019importance \u00e0 la confidentialit\u00e9 et \u00e0 la transparence. Dans le cadre de la mise \u00e0 jour de notre politique de confidentialit\u00e9, nous vous invitons \u00e0 prendre connaissance de son contenu. Politique de protection des donn\u00e9es personnelles Sepeba Ebra&nbsp;s\u2019engage \u00e0 assurer la protection des donn\u00e9es personnelles des [&hellip;]<\/p>\n","protected":false},"author":4,"featured_media":0,"parent":0,"menu_order":0,"comment_status":"closed","ping_status":"closed","template":"","meta":{"_gspb_post_css":"","footnotes":""},"class_list":["post-2018","page","type-page","status-publish","hentry","entry","owp-thumbs-layout-horizontal","owp-btn-normal","owp-tabs-layout-horizontal","has-no-thumbnails"],"yoast_head":"<!-- This site is optimized with the Yoast SEO plugin v27.4 - https:\/\/yoast.com\/product\/yoast-seo-wordpress\/ -->\n<title>Politique de Confidentialit\u00e9 - Semoirs Ebra<\/title>\n<meta name=\"robots\" content=\"index, follow, max-snippet:-1, max-image-preview:large, max-video-preview:-1\" \/>\n<link rel=\"canonical\" href=\"https:\/\/www.ebra-semoir.fr\/en\/politique-de-confidentialite\/\" \/>\n<meta property=\"og:locale\" content=\"en_US\" \/>\n<meta property=\"og:type\" content=\"article\" \/>\n<meta property=\"og:title\" content=\"Politique de Confidentialit\u00e9 - Semoirs Ebra\" \/>\n<meta property=\"og:description\" content=\"Politique de Confidentialit\u00e9 Chez Sepeba Ebra, nous accordons de l\u2019importance \u00e0 la confidentialit\u00e9 et \u00e0 la transparence. Dans le cadre de la mise \u00e0 jour de notre politique de confidentialit\u00e9, nous vous invitons \u00e0 prendre connaissance de son contenu. Politique de protection des donn\u00e9es personnelles Sepeba Ebra&nbsp;s\u2019engage \u00e0 assurer la protection des donn\u00e9es personnelles des [&hellip;]\" \/>\n<meta property=\"og:url\" content=\"https:\/\/www.ebra-semoir.fr\/en\/politique-de-confidentialite\/\" \/>\n<meta property=\"og:site_name\" content=\"Semoirs Ebra\" \/>\n<meta property=\"article:modified_time\" content=\"2024-05-17T12:42:43+00:00\" \/>\n<meta name=\"twitter:card\" content=\"summary_large_image\" \/>\n<meta name=\"twitter:label1\" content=\"Est. reading time\" \/>\n\t<meta name=\"twitter:data1\" content=\"17 minutes\" \/>\n<script type=\"application\/ld+json\" class=\"yoast-schema-graph\">{\"@context\":\"https:\\\/\\\/schema.org\",\"@graph\":[{\"@type\":\"WebPage\",\"@id\":\"https:\\\/\\\/www.ebra-semoir.fr\\\/politique-de-confidentialite\\\/\",\"url\":\"https:\\\/\\\/www.ebra-semoir.fr\\\/politique-de-confidentialite\\\/\",\"name\":\"Politique de Confidentialit\u00e9 - Semoirs Ebra\",\"isPartOf\":{\"@id\":\"https:\\\/\\\/www.ebra-semoir.fr\\\/#website\"},\"datePublished\":\"2018-01-24T14:00:53+00:00\",\"dateModified\":\"2024-05-17T12:42:43+00:00\",\"breadcrumb\":{\"@id\":\"https:\\\/\\\/www.ebra-semoir.fr\\\/politique-de-confidentialite\\\/#breadcrumb\"},\"inLanguage\":\"en-US\",\"potentialAction\":[{\"@type\":\"ReadAction\",\"target\":[\"https:\\\/\\\/www.ebra-semoir.fr\\\/politique-de-confidentialite\\\/\"]}]},{\"@type\":\"BreadcrumbList\",\"@id\":\"https:\\\/\\\/www.ebra-semoir.fr\\\/politique-de-confidentialite\\\/#breadcrumb\",\"itemListElement\":[{\"@type\":\"ListItem\",\"position\":1,\"name\":\"Accueil\",\"item\":\"https:\\\/\\\/www.ebra-semoir.fr\\\/\"},{\"@type\":\"ListItem\",\"position\":2,\"name\":\"Politique de Confidentialit\u00e9\"}]},{\"@type\":\"WebSite\",\"@id\":\"https:\\\/\\\/www.ebra-semoir.fr\\\/#website\",\"url\":\"https:\\\/\\\/www.ebra-semoir.fr\\\/\",\"name\":\"Semoirs Ebra\",\"description\":\"Ebra - Les Semoirs de Pr\u00e9cision\",\"publisher\":{\"@id\":\"https:\\\/\\\/www.ebra-semoir.fr\\\/#organization\"},\"potentialAction\":[{\"@type\":\"SearchAction\",\"target\":{\"@type\":\"EntryPoint\",\"urlTemplate\":\"https:\\\/\\\/www.ebra-semoir.fr\\\/?s={search_term_string}\"},\"query-input\":{\"@type\":\"PropertyValueSpecification\",\"valueRequired\":true,\"valueName\":\"search_term_string\"}}],\"inLanguage\":\"en-US\"},{\"@type\":\"Organization\",\"@id\":\"https:\\\/\\\/www.ebra-semoir.fr\\\/#organization\",\"name\":\"Semoirs Ebra\",\"url\":\"https:\\\/\\\/www.ebra-semoir.fr\\\/\",\"logo\":{\"@type\":\"ImageObject\",\"inLanguage\":\"en-US\",\"@id\":\"https:\\\/\\\/www.ebra-semoir.fr\\\/#\\\/schema\\\/logo\\\/image\\\/\",\"url\":\"https:\\\/\\\/www.ebra-semoir.fr\\\/wp-content\\\/uploads\\\/2018\\\/05\\\/logo-ebra-white.png\",\"contentUrl\":\"https:\\\/\\\/www.ebra-semoir.fr\\\/wp-content\\\/uploads\\\/2018\\\/05\\\/logo-ebra-white.png\",\"width\":208,\"height\":78,\"caption\":\"Semoirs Ebra\"},\"image\":{\"@id\":\"https:\\\/\\\/www.ebra-semoir.fr\\\/#\\\/schema\\\/logo\\\/image\\\/\"}}]}<\/script>\n<!-- \/ Yoast SEO plugin. -->","yoast_head_json":{"title":"Politique de Confidentialit\u00e9 - Semoirs Ebra","robots":{"index":"index","follow":"follow","max-snippet":"max-snippet:-1","max-image-preview":"max-image-preview:large","max-video-preview":"max-video-preview:-1"},"canonical":"https:\/\/www.ebra-semoir.fr\/en\/politique-de-confidentialite\/","og_locale":"en_US","og_type":"article","og_title":"Politique de Confidentialit\u00e9 - Semoirs Ebra","og_description":"Politique de Confidentialit\u00e9 Chez Sepeba Ebra, nous accordons de l\u2019importance \u00e0 la confidentialit\u00e9 et \u00e0 la transparence. Dans le cadre de la mise \u00e0 jour de notre politique de confidentialit\u00e9, nous vous invitons \u00e0 prendre connaissance de son contenu. Politique de protection des donn\u00e9es personnelles Sepeba Ebra&nbsp;s\u2019engage \u00e0 assurer la protection des donn\u00e9es personnelles des [&hellip;]","og_url":"https:\/\/www.ebra-semoir.fr\/en\/politique-de-confidentialite\/","og_site_name":"Semoirs Ebra","article_modified_time":"2024-05-17T12:42:43+00:00","twitter_card":"summary_large_image","twitter_misc":{"Est. reading time":"17 minutes"},"schema":{"@context":"https:\/\/schema.org","@graph":[{"@type":"WebPage","@id":"https:\/\/www.ebra-semoir.fr\/politique-de-confidentialite\/","url":"https:\/\/www.ebra-semoir.fr\/politique-de-confidentialite\/","name":"Politique de Confidentialit\u00e9 - Semoirs Ebra","isPartOf":{"@id":"https:\/\/www.ebra-semoir.fr\/#website"},"datePublished":"2018-01-24T14:00:53+00:00","dateModified":"2024-05-17T12:42:43+00:00","breadcrumb":{"@id":"https:\/\/www.ebra-semoir.fr\/politique-de-confidentialite\/#breadcrumb"},"inLanguage":"en-US","potentialAction":[{"@type":"ReadAction","target":["https:\/\/www.ebra-semoir.fr\/politique-de-confidentialite\/"]}]},{"@type":"BreadcrumbList","@id":"https:\/\/www.ebra-semoir.fr\/politique-de-confidentialite\/#breadcrumb","itemListElement":[{"@type":"ListItem","position":1,"name":"Accueil","item":"https:\/\/www.ebra-semoir.fr\/"},{"@type":"ListItem","position":2,"name":"Politique de Confidentialit\u00e9"}]},{"@type":"WebSite","@id":"https:\/\/www.ebra-semoir.fr\/#website","url":"https:\/\/www.ebra-semoir.fr\/","name":"Semoirs Ebra","description":"Ebra - Les Semoirs de Pr\u00e9cision","publisher":{"@id":"https:\/\/www.ebra-semoir.fr\/#organization"},"potentialAction":[{"@type":"SearchAction","target":{"@type":"EntryPoint","urlTemplate":"https:\/\/www.ebra-semoir.fr\/?s={search_term_string}"},"query-input":{"@type":"PropertyValueSpecification","valueRequired":true,"valueName":"search_term_string"}}],"inLanguage":"en-US"},{"@type":"Organization","@id":"https:\/\/www.ebra-semoir.fr\/#organization","name":"Semoirs Ebra","url":"https:\/\/www.ebra-semoir.fr\/","logo":{"@type":"ImageObject","inLanguage":"en-US","@id":"https:\/\/www.ebra-semoir.fr\/#\/schema\/logo\/image\/","url":"https:\/\/www.ebra-semoir.fr\/wp-content\/uploads\/2018\/05\/logo-ebra-white.png","contentUrl":"https:\/\/www.ebra-semoir.fr\/wp-content\/uploads\/2018\/05\/logo-ebra-white.png","width":208,"height":78,"caption":"Semoirs Ebra"},"image":{"@id":"https:\/\/www.ebra-semoir.fr\/#\/schema\/logo\/image\/"}}]}},"_links":{"self":[{"href":"https:\/\/www.ebra-semoir.fr\/en\/wp-json\/wp\/v2\/pages\/2018","targetHints":{"allow":["GET"]}}],"collection":[{"href":"https:\/\/www.ebra-semoir.fr\/en\/wp-json\/wp\/v2\/pages"}],"about":[{"href":"https:\/\/www.ebra-semoir.fr\/en\/wp-json\/wp\/v2\/types\/page"}],"author":[{"embeddable":true,"href":"https:\/\/www.ebra-semoir.fr\/en\/wp-json\/wp\/v2\/users\/4"}],"replies":[{"embeddable":true,"href":"https:\/\/www.ebra-semoir.fr\/en\/wp-json\/wp\/v2\/comments?post=2018"}],"version-history":[{"count":18,"href":"https:\/\/www.ebra-semoir.fr\/en\/wp-json\/wp\/v2\/pages\/2018\/revisions"}],"predecessor-version":[{"id":25452,"href":"https:\/\/www.ebra-semoir.fr\/en\/wp-json\/wp\/v2\/pages\/2018\/revisions\/25452"}],"wp:attachment":[{"href":"https:\/\/www.ebra-semoir.fr\/en\/wp-json\/wp\/v2\/media?parent=2018"}],"curies":[{"name":"wp","href":"https:\/\/api.w.org\/{rel}","templated":true}]}}