{"id":27547,"date":"2025-12-27T16:04:06","date_gmt":"2025-12-27T15:04:06","guid":{"rendered":"https:\/\/www.ebra-semoir.fr\/?post_type=product&#038;p=27547"},"modified":"2026-02-15T19:04:59","modified_gmt":"2026-02-15T18:04:59","slug":"ms21-expert","status":"publish","type":"product","link":"https:\/\/www.ebra-semoir.fr\/en\/product\/ms21-expert\/","title":{"rendered":"Semoir MS21 Expert"},"content":{"rendered":"<p><span style=\"color: #111111;\"><span style=\"font-family: .SFUI-Regular, serif;\"><span style=\"font-size: medium;\">Le semoir attel\u00e9 <\/span><\/span><\/span><span style=\"color: #111111;\"><span style=\"font-family: .SFUI-Bold, serif;\"><span style=\"font-size: medium;\"><b>EBRA MS21 Expert<\/b><\/span><\/span><\/span><span style=\"color: #111111;\"><span style=\"font-family: .SFUI-Regular, serif;\"><span style=\"font-size: medium;\"> vous offre toutes les qualit\u00e9s de la gamme MS21 avec des <\/span><\/span><\/span><span style=\"color: #111111;\"><span style=\"font-family: .SFUI-Bold, serif;\"><span style=\"font-size: medium;\"><b>\u00e9quipements complets pour plus de performances<\/b><\/span><\/span><\/span><span style=\"color: #111111;\"><span style=\"font-family: .SFUI-Regular, serif;\"><span style=\"font-size: medium;\"> : r\u00e9glages ultra-pr\u00e9cis, grande visibilit\u00e9 de distribution, accessoires int\u00e9gr\u00e9s (bo\u00eete \u00e0 outils, porte-disques de rechange, plaque d\u2019\u00e9conomie de graines, roues porteuses et surfaces crant\u00e9es pour meilleure traction). Il maximise l\u2019efficacit\u00e9 du semis sur sols finement pr\u00e9par\u00e9s derri\u00e8re votre tracteur pour vos toutes vos cultures mara\u00eech\u00e8res..\u00a0<\/span><\/span><\/span><\/p>\n<p>D&rsquo;autres accessoires vous permettent de le configurer selon la nature de vos pratiques&#8230; Voir la page \u00ab\u00a0Accessoires\u00a0\u00bb<\/p>\n<h2 style=\"text-align: center;\">Produits associ\u00e9s<\/h2>\n<div class=\"wp-block-button has-custom-width wp-block-button__width-100\" style=\"text-align: center;\"><a class=\"wp-block-button__link has-vivid-red-background-color has-background wp-element-button\" href=\"\/en\/accessoires-pour-ms-21-expert\/\">Commander les accessoires adapt\u00e9s pour ce semoir<\/a><\/div>\n<p>&nbsp;<\/p>\n<div class=\"wp-block-button has-custom-width wp-block-button__width-100\" style=\"text-align: center;\"><a class=\"wp-block-button__link has-vivid-red-background-color has-background wp-element-button\" href=\"\/en\/product\/element-seul-pour-semoir-ms21-expert\/\">El\u00e9ment seul pour semoir MS21 Expert<\/a><\/div>","protected":false},"excerpt":{"rendered":"<p><span style=\"color: #111111;\"><span style=\"font-family: .SFUI-Bold, serif;\"><span style=\"font-size: medium;\"><b>MS21 Expert : performance, pr\u00e9cision, confort et semis ma\u00eetris\u00e9 pour terres travaill\u00e9es<\/b><\/span><\/span><\/span><\/p>\n<h4>Ce semoir n&rsquo;est pas vendu en ligne actuellement.<\/h4>\n<h4>Le prix affich\u00e9 ci-apr\u00e8s est indicatif.<br \/>\nPour commander ce semoir : <a href=\"\/en\/contact\/\"> demander un devis\u00a0 <\/a><\/h4>\n<h4><\/h4>","protected":false},"featured_media":27548,"comment_status":"open","ping_status":"closed","template":"","meta":{"_gspb_post_css":""},"product_brand":[],"product_cat":[221],"product_tag":[],"class_list":{"0":"post-27547","1":"product","2":"type-product","3":"status-publish","4":"has-post-thumbnail","6":"product_cat-semoir","8":"entry","9":"has-media","11":"first","12":"outofstock","13":"taxable","14":"shipping-taxable","15":"purchasable","16":"product-type-variable","17":"col","18":"span_1_of_5","19":"owp-content-center","20":"owp-thumbs-layout-horizontal","21":"owp-btn-normal","22":"owp-tabs-layout-horizontal","23":"has-no-thumbnails"},"yoast_head":"<!-- This site is optimized with the Yoast SEO plugin v27.4 - https:\/\/yoast.com\/product\/yoast-seo-wordpress\/ -->\n<title>Semoir MS21 Expert - Semoirs Ebra<\/title>\n<meta name=\"description\" content=\"Ce semoir attel\u00e9 est le plus complet de la gamme des semoirs Ebra MS21, offrant le maximum de pr\u00e9cision et une grande facilit\u00e9 d&#039;utilisation\" \/>\n<meta name=\"robots\" content=\"index, follow, max-snippet:-1, max-image-preview:large, max-video-preview:-1\" \/>\n<link rel=\"canonical\" href=\"https:\/\/www.ebra-semoir.fr\/en\/product\/ms21-expert\/\" \/>\n<meta property=\"og:locale\" content=\"en_US\" \/>\n<meta property=\"og:type\" content=\"article\" \/>\n<meta property=\"og:title\" content=\"Semoir MS21 Expert - Semoirs Ebra\" \/>\n<meta property=\"og:description\" content=\"Ce semoir attel\u00e9 est le plus complet de la gamme des semoirs Ebra MS21, offrant le maximum de pr\u00e9cision et une grande facilit\u00e9 d&#039;utilisation\" \/>\n<meta property=\"og:url\" content=\"https:\/\/www.ebra-semoir.fr\/en\/product\/ms21-expert\/\" \/>\n<meta property=\"og:site_name\" content=\"Semoirs Ebra\" \/>\n<meta property=\"article:modified_time\" content=\"2026-02-15T18:04:59+00:00\" \/>\n<meta property=\"og:image\" content=\"https:\/\/www.ebra-semoir.fr\/wp-content\/uploads\/2025\/12\/MS-21-Expert.jpg\" \/>\n\t<meta property=\"og:image:width\" content=\"1721\" \/>\n\t<meta property=\"og:image:height\" content=\"1249\" \/>\n\t<meta property=\"og:image:type\" content=\"image\/jpeg\" \/>\n<meta name=\"twitter:card\" content=\"summary_large_image\" \/>\n<meta name=\"twitter:label1\" content=\"Est. reading time\" \/>\n\t<meta name=\"twitter:data1\" content=\"1 minute\" \/>\n<script type=\"application\/ld+json\" class=\"yoast-schema-graph\">{\"@context\":\"https:\\\/\\\/schema.org\",\"@graph\":[{\"@type\":\"WebPage\",\"@id\":\"https:\\\/\\\/www.ebra-semoir.fr\\\/produit\\\/ms21-expert\\\/\",\"url\":\"https:\\\/\\\/www.ebra-semoir.fr\\\/produit\\\/ms21-expert\\\/\",\"name\":\"Semoir MS21 Expert - Semoirs Ebra\",\"isPartOf\":{\"@id\":\"https:\\\/\\\/www.ebra-semoir.fr\\\/#website\"},\"primaryImageOfPage\":{\"@id\":\"https:\\\/\\\/www.ebra-semoir.fr\\\/produit\\\/ms21-expert\\\/#primaryimage\"},\"image\":{\"@id\":\"https:\\\/\\\/www.ebra-semoir.fr\\\/produit\\\/ms21-expert\\\/#primaryimage\"},\"thumbnailUrl\":\"https:\\\/\\\/www.ebra-semoir.fr\\\/wp-content\\\/uploads\\\/2025\\\/12\\\/MS-21-Expert.jpg\",\"datePublished\":\"2025-12-27T15:04:06+00:00\",\"dateModified\":\"2026-02-15T18:04:59+00:00\",\"description\":\"Ce semoir attel\u00e9 est le plus complet de la gamme des semoirs Ebra MS21, offrant le maximum de pr\u00e9cision et une grande facilit\u00e9 d'utilisation\",\"breadcrumb\":{\"@id\":\"https:\\\/\\\/www.ebra-semoir.fr\\\/produit\\\/ms21-expert\\\/#breadcrumb\"},\"inLanguage\":\"en-US\",\"potentialAction\":[{\"@type\":\"ReadAction\",\"target\":[\"https:\\\/\\\/www.ebra-semoir.fr\\\/produit\\\/ms21-expert\\\/\"]}]},{\"@type\":\"ImageObject\",\"inLanguage\":\"en-US\",\"@id\":\"https:\\\/\\\/www.ebra-semoir.fr\\\/produit\\\/ms21-expert\\\/#primaryimage\",\"url\":\"https:\\\/\\\/www.ebra-semoir.fr\\\/wp-content\\\/uploads\\\/2025\\\/12\\\/MS-21-Expert.jpg\",\"contentUrl\":\"https:\\\/\\\/www.ebra-semoir.fr\\\/wp-content\\\/uploads\\\/2025\\\/12\\\/MS-21-Expert.jpg\",\"width\":1721,\"height\":1249,\"caption\":\"Semoir attel\u00e9 Ebra MS 21 Expert\"},{\"@type\":\"BreadcrumbList\",\"@id\":\"https:\\\/\\\/www.ebra-semoir.fr\\\/produit\\\/ms21-expert\\\/#breadcrumb\",\"itemListElement\":[{\"@type\":\"ListItem\",\"position\":1,\"name\":\"Accueil\",\"item\":\"https:\\\/\\\/www.ebra-semoir.fr\\\/\"},{\"@type\":\"ListItem\",\"position\":2,\"name\":\"Boutique en ligne\",\"item\":\"https:\\\/\\\/www.ebra-semoir.fr\\\/boutique-en-ligne\\\/\"},{\"@type\":\"ListItem\",\"position\":3,\"name\":\"Semoir MS21 Expert\"}]},{\"@type\":\"WebSite\",\"@id\":\"https:\\\/\\\/www.ebra-semoir.fr\\\/#website\",\"url\":\"https:\\\/\\\/www.ebra-semoir.fr\\\/\",\"name\":\"Semoirs Ebra\",\"description\":\"Ebra - Les Semoirs de Pr\u00e9cision\",\"publisher\":{\"@id\":\"https:\\\/\\\/www.ebra-semoir.fr\\\/#organization\"},\"potentialAction\":[{\"@type\":\"SearchAction\",\"target\":{\"@type\":\"EntryPoint\",\"urlTemplate\":\"https:\\\/\\\/www.ebra-semoir.fr\\\/?s={search_term_string}\"},\"query-input\":{\"@type\":\"PropertyValueSpecification\",\"valueRequired\":true,\"valueName\":\"search_term_string\"}}],\"inLanguage\":\"en-US\"},{\"@type\":\"Organization\",\"@id\":\"https:\\\/\\\/www.ebra-semoir.fr\\\/#organization\",\"name\":\"Semoirs Ebra\",\"url\":\"https:\\\/\\\/www.ebra-semoir.fr\\\/\",\"logo\":{\"@type\":\"ImageObject\",\"inLanguage\":\"en-US\",\"@id\":\"https:\\\/\\\/www.ebra-semoir.fr\\\/#\\\/schema\\\/logo\\\/image\\\/\",\"url\":\"https:\\\/\\\/www.ebra-semoir.fr\\\/wp-content\\\/uploads\\\/2018\\\/05\\\/logo-ebra-white.png\",\"contentUrl\":\"https:\\\/\\\/www.ebra-semoir.fr\\\/wp-content\\\/uploads\\\/2018\\\/05\\\/logo-ebra-white.png\",\"width\":208,\"height\":78,\"caption\":\"Semoirs Ebra\"},\"image\":{\"@id\":\"https:\\\/\\\/www.ebra-semoir.fr\\\/#\\\/schema\\\/logo\\\/image\\\/\"}}]}<\/script>\n<!-- \/ Yoast SEO plugin. -->","yoast_head_json":{"title":"Semoir MS21 Expert - Semoirs Ebra","description":"Ce semoir attel\u00e9 est le plus complet de la gamme des semoirs Ebra MS21, offrant le maximum de pr\u00e9cision et une grande facilit\u00e9 d'utilisation","robots":{"index":"index","follow":"follow","max-snippet":"max-snippet:-1","max-image-preview":"max-image-preview:large","max-video-preview":"max-video-preview:-1"},"canonical":"https:\/\/www.ebra-semoir.fr\/en\/product\/ms21-expert\/","og_locale":"en_US","og_type":"article","og_title":"Semoir MS21 Expert - Semoirs Ebra","og_description":"Ce semoir attel\u00e9 est le plus complet de la gamme des semoirs Ebra MS21, offrant le maximum de pr\u00e9cision et une grande facilit\u00e9 d'utilisation","og_url":"https:\/\/www.ebra-semoir.fr\/en\/product\/ms21-expert\/","og_site_name":"Semoirs Ebra","article_modified_time":"2026-02-15T18:04:59+00:00","og_image":[{"width":1721,"height":1249,"url":"https:\/\/www.ebra-semoir.fr\/wp-content\/uploads\/2025\/12\/MS-21-Expert.jpg","type":"image\/jpeg"}],"twitter_card":"summary_large_image","twitter_misc":{"Est. reading time":"1 minute"},"schema":{"@context":"https:\/\/schema.org","@graph":[{"@type":"WebPage","@id":"https:\/\/www.ebra-semoir.fr\/produit\/ms21-expert\/","url":"https:\/\/www.ebra-semoir.fr\/produit\/ms21-expert\/","name":"Semoir MS21 Expert - Semoirs Ebra","isPartOf":{"@id":"https:\/\/www.ebra-semoir.fr\/#website"},"primaryImageOfPage":{"@id":"https:\/\/www.ebra-semoir.fr\/produit\/ms21-expert\/#primaryimage"},"image":{"@id":"https:\/\/www.ebra-semoir.fr\/produit\/ms21-expert\/#primaryimage"},"thumbnailUrl":"https:\/\/www.ebra-semoir.fr\/wp-content\/uploads\/2025\/12\/MS-21-Expert.jpg","datePublished":"2025-12-27T15:04:06+00:00","dateModified":"2026-02-15T18:04:59+00:00","description":"Ce semoir attel\u00e9 est le plus complet de la gamme des semoirs Ebra MS21, offrant le maximum de pr\u00e9cision et une grande facilit\u00e9 d'utilisation","breadcrumb":{"@id":"https:\/\/www.ebra-semoir.fr\/produit\/ms21-expert\/#breadcrumb"},"inLanguage":"en-US","potentialAction":[{"@type":"ReadAction","target":["https:\/\/www.ebra-semoir.fr\/produit\/ms21-expert\/"]}]},{"@type":"ImageObject","inLanguage":"en-US","@id":"https:\/\/www.ebra-semoir.fr\/produit\/ms21-expert\/#primaryimage","url":"https:\/\/www.ebra-semoir.fr\/wp-content\/uploads\/2025\/12\/MS-21-Expert.jpg","contentUrl":"https:\/\/www.ebra-semoir.fr\/wp-content\/uploads\/2025\/12\/MS-21-Expert.jpg","width":1721,"height":1249,"caption":"Semoir attel\u00e9 Ebra MS 21 Expert"},{"@type":"BreadcrumbList","@id":"https:\/\/www.ebra-semoir.fr\/produit\/ms21-expert\/#breadcrumb","itemListElement":[{"@type":"ListItem","position":1,"name":"Accueil","item":"https:\/\/www.ebra-semoir.fr\/"},{"@type":"ListItem","position":2,"name":"Boutique en ligne","item":"https:\/\/www.ebra-semoir.fr\/boutique-en-ligne\/"},{"@type":"ListItem","position":3,"name":"Semoir MS21 Expert"}]},{"@type":"WebSite","@id":"https:\/\/www.ebra-semoir.fr\/#website","url":"https:\/\/www.ebra-semoir.fr\/","name":"Semoirs Ebra","description":"Ebra - Les Semoirs de Pr\u00e9cision","publisher":{"@id":"https:\/\/www.ebra-semoir.fr\/#organization"},"potentialAction":[{"@type":"SearchAction","target":{"@type":"EntryPoint","urlTemplate":"https:\/\/www.ebra-semoir.fr\/?s={search_term_string}"},"query-input":{"@type":"PropertyValueSpecification","valueRequired":true,"valueName":"search_term_string"}}],"inLanguage":"en-US"},{"@type":"Organization","@id":"https:\/\/www.ebra-semoir.fr\/#organization","name":"Semoirs Ebra","url":"https:\/\/www.ebra-semoir.fr\/","logo":{"@type":"ImageObject","inLanguage":"en-US","@id":"https:\/\/www.ebra-semoir.fr\/#\/schema\/logo\/image\/","url":"https:\/\/www.ebra-semoir.fr\/wp-content\/uploads\/2018\/05\/logo-ebra-white.png","contentUrl":"https:\/\/www.ebra-semoir.fr\/wp-content\/uploads\/2018\/05\/logo-ebra-white.png","width":208,"height":78,"caption":"Semoirs Ebra"},"image":{"@id":"https:\/\/www.ebra-semoir.fr\/#\/schema\/logo\/image\/"}}]}},"_links":{"self":[{"href":"https:\/\/www.ebra-semoir.fr\/en\/wp-json\/wp\/v2\/product\/27547","targetHints":{"allow":["GET"]}}],"collection":[{"href":"https:\/\/www.ebra-semoir.fr\/en\/wp-json\/wp\/v2\/product"}],"about":[{"href":"https:\/\/www.ebra-semoir.fr\/en\/wp-json\/wp\/v2\/types\/product"}],"replies":[{"embeddable":true,"href":"https:\/\/www.ebra-semoir.fr\/en\/wp-json\/wp\/v2\/comments?post=27547"}],"version-history":[{"count":12,"href":"https:\/\/www.ebra-semoir.fr\/en\/wp-json\/wp\/v2\/product\/27547\/revisions"}],"predecessor-version":[{"id":28851,"href":"https:\/\/www.ebra-semoir.fr\/en\/wp-json\/wp\/v2\/product\/27547\/revisions\/28851"}],"wp:featuredmedia":[{"embeddable":true,"href":"https:\/\/www.ebra-semoir.fr\/en\/wp-json\/wp\/v2\/media\/27548"}],"wp:attachment":[{"href":"https:\/\/www.ebra-semoir.fr\/en\/wp-json\/wp\/v2\/media?parent=27547"}],"wp:term":[{"taxonomy":"product_brand","embeddable":true,"href":"https:\/\/www.ebra-semoir.fr\/en\/wp-json\/wp\/v2\/product_brand?post=27547"},{"taxonomy":"product_cat","embeddable":true,"href":"https:\/\/www.ebra-semoir.fr\/en\/wp-json\/wp\/v2\/product_cat?post=27547"},{"taxonomy":"product_tag","embeddable":true,"href":"https:\/\/www.ebra-semoir.fr\/en\/wp-json\/wp\/v2\/product_tag?post=27547"}],"curies":[{"name":"wp","href":"https:\/\/api.w.org\/{rel}","templated":true}]}}