{"id":27618,"date":"2025-12-28T08:29:35","date_gmt":"2025-12-28T07:29:35","guid":{"rendered":"https:\/\/www.ebra-semoir.fr\/?post_type=product&#038;p=27618"},"modified":"2026-02-15T20:20:11","modified_gmt":"2026-02-15T19:20:11","slug":"semoir-ms23-essentiel","status":"publish","type":"product","link":"https:\/\/www.ebra-semoir.fr\/en\/product\/semoir-ms23-essentiel\/","title":{"rendered":"Semoir MS23 Essentiel"},"content":{"rendered":"<p><span style=\"color: #111111;\"><span style=\"font-family: .SFUI-Regular, serif;\"><span style=\"font-size: medium;\">Le semoir attel\u00e9 <\/span><\/span><\/span><span style=\"color: #111111;\"><span style=\"font-family: .SFUI-Bold, serif;\"><span style=\"font-size: medium;\"><b>EBRA MS\u202f23 Essentiel<\/b><\/span><\/span><\/span><span style=\"color: #111111;\"><span style=\"font-family: .SFUI-Regular, serif;\"><span style=\"font-size: medium;\"> est un outil robuste et polyvalent, con\u00e7u pour des semis r\u00e9guliers sur sols finement pr\u00e9par\u00e9s, m\u00eame dans des espaces r\u00e9duits ou avec des inter\u2011rangs serr\u00e9s.<\/span><\/span><\/span><\/p>\n<p><span style=\"color: #333333;\"><span style=\"font-family: Lato, serif;\"><span style=\"font-size: medium;\">Chaque \u00e9l\u00e9ment a une seule roue et un ch\u00e2ssis court, ce qui en fait le mod\u00e8le le plus compact des semoirs attel\u00e9s EBRA<\/span><\/span><\/span><\/p>\n<p><span style=\"color: #111111;\"><span style=\"font-family: .SFUI-Regular, serif;\"><span style=\"font-size: medium;\">Sa distribution m\u00e9canique simple et ses r\u00e9glages intuitifs vous permettent de semer une large vari\u00e9t\u00e9 de graines avec pr\u00e9cision et efficacit\u00e9.\u00a0<\/span><\/span><\/span><\/p>\n<p><span style=\"color: #111111;\"><span style=\"font-family: .SFUI-Regular, serif;\"><span style=\"font-size: medium;\">La version Essentiel conserve tous les atouts EBRA<\/span><\/span><\/span><span style=\"color: #111111;\"><span style=\"font-family: .SFUI-Regular, serif;\"><span style=\"font-size: medium;\">\u00a0<\/span><\/span><\/span><span style=\"color: #111111;\"><span style=\"font-family: .SFUI-Regular, serif;\"><span style=\"font-size: medium;\">:<\/span><\/span><\/span><span style=\"color: #333333;\"><span style=\"font-family: Lato, serif;\"><span style=\"font-size: medium;\"> polyvalence, changement de cultures en quelques minutes, simplicit\u00e9 d\u2019utilisation et pr\u00e9cision \u2026 avec un excellent rapport qualit\u00e9-prix.<\/span><\/span><\/span><\/p>\n<h2 style=\"text-align: center;\">Produits associ\u00e9s<\/h2>\n<div class=\"wp-block-button has-custom-width wp-block-button__width-100\" style=\"text-align: center;\"><a class=\"wp-block-button__link has-vivid-red-background-color has-background wp-element-button\" href=\"\/en\/accessoires-pour-ms-23-essentiel\/\">Commander les accessoires adapt\u00e9s pour ce semoir<\/a><\/div>\n<p>&nbsp;<\/p>\n<div class=\"wp-block-button has-custom-width wp-block-button__width-100\" style=\"text-align: center;\">\n<p><a class=\"wp-block-button__link has-vivid-red-background-color has-background wp-element-button\" href=\"\/en\/product\/element-seul-pour-semoir-ms23-essentiel\/\">El\u00e9ment seul pour semoir MS23 Essentiel<\/a><\/p>\n<\/div>","protected":false},"excerpt":{"rendered":"<p><span style=\"color: #111111;\"><span style=\"font-family: .SFUI-Bold, serif;\"><span style=\"font-size: medium;\"><b>MS23 Essentiel\u202f: pour vos inter-rangs r\u00e9duits, une solution compacte, facile \u00e0 utiliser pour optimiser les rendements de vos semis mara\u00eechers selon plusieurs configurations.<\/b><\/span><\/span><\/span><\/p>\n<h4>Ce semoir n&rsquo;est pas vendu en ligne.<\/h4>\n<h4>Les prix mentionn\u00e9s ci-apr\u00e8s sont indicatifs.<br \/>\nPour commander ce semoir : <span style=\"color: red; border: 4px solid red;\"><a href=\"\/en\/contact\/\"> demander un devis\u00a0 <\/a><\/span><\/h4>","protected":false},"featured_media":27619,"comment_status":"open","ping_status":"closed","template":"","meta":{"_gspb_post_css":""},"product_brand":[],"product_cat":[221],"product_tag":[],"class_list":{"0":"post-27618","1":"product","2":"type-product","3":"status-publish","4":"has-post-thumbnail","6":"product_cat-semoir","8":"entry","9":"has-media","11":"first","12":"outofstock","13":"taxable","14":"shipping-taxable","15":"purchasable","16":"product-type-variable","17":"col","18":"span_1_of_5","19":"owp-content-center","20":"owp-thumbs-layout-horizontal","21":"owp-btn-normal","22":"owp-tabs-layout-horizontal","23":"has-no-thumbnails"},"yoast_head":"<!-- This site is optimized with the Yoast SEO plugin v27.4 - https:\/\/yoast.com\/product\/yoast-seo-wordpress\/ -->\n<title>Semoir MS23 Essentiel - Semoirs Ebra<\/title>\n<meta name=\"description\" content=\"Le semoir attel\u00e9 EBRA MS\u202f23 Essentiel est un outil, con\u00e7u pour des semis r\u00e9guliers, m\u00eame dans des espaces r\u00e9duits ou avec des inter\u2011rangs serr\u00e9s.\" \/>\n<meta name=\"robots\" content=\"index, follow, max-snippet:-1, max-image-preview:large, max-video-preview:-1\" \/>\n<link rel=\"canonical\" href=\"https:\/\/www.ebra-semoir.fr\/en\/product\/semoir-ms23-essentiel\/\" \/>\n<meta property=\"og:locale\" content=\"en_US\" \/>\n<meta property=\"og:type\" content=\"article\" \/>\n<meta property=\"og:title\" content=\"Semoir MS23 Essentiel - Semoirs Ebra\" \/>\n<meta property=\"og:description\" content=\"Le semoir attel\u00e9 EBRA MS\u202f23 Essentiel est un outil, con\u00e7u pour des semis r\u00e9guliers, m\u00eame dans des espaces r\u00e9duits ou avec des inter\u2011rangs serr\u00e9s.\" \/>\n<meta property=\"og:url\" content=\"https:\/\/www.ebra-semoir.fr\/en\/product\/semoir-ms23-essentiel\/\" \/>\n<meta property=\"og:site_name\" content=\"Semoirs Ebra\" \/>\n<meta property=\"article:modified_time\" content=\"2026-02-15T19:20:11+00:00\" \/>\n<meta property=\"og:image\" content=\"https:\/\/www.ebra-semoir.fr\/wp-content\/uploads\/2025\/12\/MS-23-Essentiel-scaled.jpg\" \/>\n\t<meta property=\"og:image:width\" content=\"2560\" \/>\n\t<meta property=\"og:image:height\" content=\"1920\" \/>\n\t<meta property=\"og:image:type\" content=\"image\/jpeg\" \/>\n<meta name=\"twitter:card\" content=\"summary_large_image\" \/>\n<meta name=\"twitter:label1\" content=\"Est. reading time\" \/>\n\t<meta name=\"twitter:data1\" content=\"1 minute\" \/>\n<script type=\"application\/ld+json\" class=\"yoast-schema-graph\">{\"@context\":\"https:\\\/\\\/schema.org\",\"@graph\":[{\"@type\":\"WebPage\",\"@id\":\"https:\\\/\\\/www.ebra-semoir.fr\\\/produit\\\/semoir-ms23-essentiel\\\/\",\"url\":\"https:\\\/\\\/www.ebra-semoir.fr\\\/produit\\\/semoir-ms23-essentiel\\\/\",\"name\":\"Semoir MS23 Essentiel - Semoirs Ebra\",\"isPartOf\":{\"@id\":\"https:\\\/\\\/www.ebra-semoir.fr\\\/#website\"},\"primaryImageOfPage\":{\"@id\":\"https:\\\/\\\/www.ebra-semoir.fr\\\/produit\\\/semoir-ms23-essentiel\\\/#primaryimage\"},\"image\":{\"@id\":\"https:\\\/\\\/www.ebra-semoir.fr\\\/produit\\\/semoir-ms23-essentiel\\\/#primaryimage\"},\"thumbnailUrl\":\"https:\\\/\\\/www.ebra-semoir.fr\\\/wp-content\\\/uploads\\\/2025\\\/12\\\/MS-23-Essentiel-scaled.jpg\",\"datePublished\":\"2025-12-28T07:29:35+00:00\",\"dateModified\":\"2026-02-15T19:20:11+00:00\",\"description\":\"Le semoir attel\u00e9 EBRA MS\u202f23 Essentiel est un outil, con\u00e7u pour des semis r\u00e9guliers, m\u00eame dans des espaces r\u00e9duits ou avec des inter\u2011rangs serr\u00e9s.\",\"breadcrumb\":{\"@id\":\"https:\\\/\\\/www.ebra-semoir.fr\\\/produit\\\/semoir-ms23-essentiel\\\/#breadcrumb\"},\"inLanguage\":\"en-US\",\"potentialAction\":[{\"@type\":\"ReadAction\",\"target\":[\"https:\\\/\\\/www.ebra-semoir.fr\\\/produit\\\/semoir-ms23-essentiel\\\/\"]}]},{\"@type\":\"ImageObject\",\"inLanguage\":\"en-US\",\"@id\":\"https:\\\/\\\/www.ebra-semoir.fr\\\/produit\\\/semoir-ms23-essentiel\\\/#primaryimage\",\"url\":\"https:\\\/\\\/www.ebra-semoir.fr\\\/wp-content\\\/uploads\\\/2025\\\/12\\\/MS-23-Essentiel-scaled.jpg\",\"contentUrl\":\"https:\\\/\\\/www.ebra-semoir.fr\\\/wp-content\\\/uploads\\\/2025\\\/12\\\/MS-23-Essentiel-scaled.jpg\",\"width\":2560,\"height\":1920,\"caption\":\"KODAK DIGITAL STILL CAMERA\"},{\"@type\":\"BreadcrumbList\",\"@id\":\"https:\\\/\\\/www.ebra-semoir.fr\\\/produit\\\/semoir-ms23-essentiel\\\/#breadcrumb\",\"itemListElement\":[{\"@type\":\"ListItem\",\"position\":1,\"name\":\"Accueil\",\"item\":\"https:\\\/\\\/www.ebra-semoir.fr\\\/\"},{\"@type\":\"ListItem\",\"position\":2,\"name\":\"Boutique en ligne\",\"item\":\"https:\\\/\\\/www.ebra-semoir.fr\\\/boutique-en-ligne\\\/\"},{\"@type\":\"ListItem\",\"position\":3,\"name\":\"Semoir MS23 Essentiel\"}]},{\"@type\":\"WebSite\",\"@id\":\"https:\\\/\\\/www.ebra-semoir.fr\\\/#website\",\"url\":\"https:\\\/\\\/www.ebra-semoir.fr\\\/\",\"name\":\"Semoirs Ebra\",\"description\":\"Ebra - Les Semoirs de Pr\u00e9cision\",\"publisher\":{\"@id\":\"https:\\\/\\\/www.ebra-semoir.fr\\\/#organization\"},\"potentialAction\":[{\"@type\":\"SearchAction\",\"target\":{\"@type\":\"EntryPoint\",\"urlTemplate\":\"https:\\\/\\\/www.ebra-semoir.fr\\\/?s={search_term_string}\"},\"query-input\":{\"@type\":\"PropertyValueSpecification\",\"valueRequired\":true,\"valueName\":\"search_term_string\"}}],\"inLanguage\":\"en-US\"},{\"@type\":\"Organization\",\"@id\":\"https:\\\/\\\/www.ebra-semoir.fr\\\/#organization\",\"name\":\"Semoirs Ebra\",\"url\":\"https:\\\/\\\/www.ebra-semoir.fr\\\/\",\"logo\":{\"@type\":\"ImageObject\",\"inLanguage\":\"en-US\",\"@id\":\"https:\\\/\\\/www.ebra-semoir.fr\\\/#\\\/schema\\\/logo\\\/image\\\/\",\"url\":\"https:\\\/\\\/www.ebra-semoir.fr\\\/wp-content\\\/uploads\\\/2018\\\/05\\\/logo-ebra-white.png\",\"contentUrl\":\"https:\\\/\\\/www.ebra-semoir.fr\\\/wp-content\\\/uploads\\\/2018\\\/05\\\/logo-ebra-white.png\",\"width\":208,\"height\":78,\"caption\":\"Semoirs Ebra\"},\"image\":{\"@id\":\"https:\\\/\\\/www.ebra-semoir.fr\\\/#\\\/schema\\\/logo\\\/image\\\/\"}}]}<\/script>\n<!-- \/ Yoast SEO plugin. -->","yoast_head_json":{"title":"Semoir MS23 Essentiel - Semoirs Ebra","description":"Le semoir attel\u00e9 EBRA MS\u202f23 Essentiel est un outil, con\u00e7u pour des semis r\u00e9guliers, m\u00eame dans des espaces r\u00e9duits ou avec des inter\u2011rangs serr\u00e9s.","robots":{"index":"index","follow":"follow","max-snippet":"max-snippet:-1","max-image-preview":"max-image-preview:large","max-video-preview":"max-video-preview:-1"},"canonical":"https:\/\/www.ebra-semoir.fr\/en\/product\/semoir-ms23-essentiel\/","og_locale":"en_US","og_type":"article","og_title":"Semoir MS23 Essentiel - Semoirs Ebra","og_description":"Le semoir attel\u00e9 EBRA MS\u202f23 Essentiel est un outil, con\u00e7u pour des semis r\u00e9guliers, m\u00eame dans des espaces r\u00e9duits ou avec des inter\u2011rangs serr\u00e9s.","og_url":"https:\/\/www.ebra-semoir.fr\/en\/product\/semoir-ms23-essentiel\/","og_site_name":"Semoirs Ebra","article_modified_time":"2026-02-15T19:20:11+00:00","og_image":[{"width":2560,"height":1920,"url":"https:\/\/www.ebra-semoir.fr\/wp-content\/uploads\/2025\/12\/MS-23-Essentiel-scaled.jpg","type":"image\/jpeg"}],"twitter_card":"summary_large_image","twitter_misc":{"Est. reading time":"1 minute"},"schema":{"@context":"https:\/\/schema.org","@graph":[{"@type":"WebPage","@id":"https:\/\/www.ebra-semoir.fr\/produit\/semoir-ms23-essentiel\/","url":"https:\/\/www.ebra-semoir.fr\/produit\/semoir-ms23-essentiel\/","name":"Semoir MS23 Essentiel - Semoirs Ebra","isPartOf":{"@id":"https:\/\/www.ebra-semoir.fr\/#website"},"primaryImageOfPage":{"@id":"https:\/\/www.ebra-semoir.fr\/produit\/semoir-ms23-essentiel\/#primaryimage"},"image":{"@id":"https:\/\/www.ebra-semoir.fr\/produit\/semoir-ms23-essentiel\/#primaryimage"},"thumbnailUrl":"https:\/\/www.ebra-semoir.fr\/wp-content\/uploads\/2025\/12\/MS-23-Essentiel-scaled.jpg","datePublished":"2025-12-28T07:29:35+00:00","dateModified":"2026-02-15T19:20:11+00:00","description":"Le semoir attel\u00e9 EBRA MS\u202f23 Essentiel est un outil, con\u00e7u pour des semis r\u00e9guliers, m\u00eame dans des espaces r\u00e9duits ou avec des inter\u2011rangs serr\u00e9s.","breadcrumb":{"@id":"https:\/\/www.ebra-semoir.fr\/produit\/semoir-ms23-essentiel\/#breadcrumb"},"inLanguage":"en-US","potentialAction":[{"@type":"ReadAction","target":["https:\/\/www.ebra-semoir.fr\/produit\/semoir-ms23-essentiel\/"]}]},{"@type":"ImageObject","inLanguage":"en-US","@id":"https:\/\/www.ebra-semoir.fr\/produit\/semoir-ms23-essentiel\/#primaryimage","url":"https:\/\/www.ebra-semoir.fr\/wp-content\/uploads\/2025\/12\/MS-23-Essentiel-scaled.jpg","contentUrl":"https:\/\/www.ebra-semoir.fr\/wp-content\/uploads\/2025\/12\/MS-23-Essentiel-scaled.jpg","width":2560,"height":1920,"caption":"KODAK DIGITAL STILL CAMERA"},{"@type":"BreadcrumbList","@id":"https:\/\/www.ebra-semoir.fr\/produit\/semoir-ms23-essentiel\/#breadcrumb","itemListElement":[{"@type":"ListItem","position":1,"name":"Accueil","item":"https:\/\/www.ebra-semoir.fr\/"},{"@type":"ListItem","position":2,"name":"Boutique en ligne","item":"https:\/\/www.ebra-semoir.fr\/boutique-en-ligne\/"},{"@type":"ListItem","position":3,"name":"Semoir MS23 Essentiel"}]},{"@type":"WebSite","@id":"https:\/\/www.ebra-semoir.fr\/#website","url":"https:\/\/www.ebra-semoir.fr\/","name":"Semoirs Ebra","description":"Ebra - Les Semoirs de Pr\u00e9cision","publisher":{"@id":"https:\/\/www.ebra-semoir.fr\/#organization"},"potentialAction":[{"@type":"SearchAction","target":{"@type":"EntryPoint","urlTemplate":"https:\/\/www.ebra-semoir.fr\/?s={search_term_string}"},"query-input":{"@type":"PropertyValueSpecification","valueRequired":true,"valueName":"search_term_string"}}],"inLanguage":"en-US"},{"@type":"Organization","@id":"https:\/\/www.ebra-semoir.fr\/#organization","name":"Semoirs Ebra","url":"https:\/\/www.ebra-semoir.fr\/","logo":{"@type":"ImageObject","inLanguage":"en-US","@id":"https:\/\/www.ebra-semoir.fr\/#\/schema\/logo\/image\/","url":"https:\/\/www.ebra-semoir.fr\/wp-content\/uploads\/2018\/05\/logo-ebra-white.png","contentUrl":"https:\/\/www.ebra-semoir.fr\/wp-content\/uploads\/2018\/05\/logo-ebra-white.png","width":208,"height":78,"caption":"Semoirs Ebra"},"image":{"@id":"https:\/\/www.ebra-semoir.fr\/#\/schema\/logo\/image\/"}}]}},"_links":{"self":[{"href":"https:\/\/www.ebra-semoir.fr\/en\/wp-json\/wp\/v2\/product\/27618","targetHints":{"allow":["GET"]}}],"collection":[{"href":"https:\/\/www.ebra-semoir.fr\/en\/wp-json\/wp\/v2\/product"}],"about":[{"href":"https:\/\/www.ebra-semoir.fr\/en\/wp-json\/wp\/v2\/types\/product"}],"replies":[{"embeddable":true,"href":"https:\/\/www.ebra-semoir.fr\/en\/wp-json\/wp\/v2\/comments?post=27618"}],"version-history":[{"count":7,"href":"https:\/\/www.ebra-semoir.fr\/en\/wp-json\/wp\/v2\/product\/27618\/revisions"}],"predecessor-version":[{"id":28857,"href":"https:\/\/www.ebra-semoir.fr\/en\/wp-json\/wp\/v2\/product\/27618\/revisions\/28857"}],"wp:featuredmedia":[{"embeddable":true,"href":"https:\/\/www.ebra-semoir.fr\/en\/wp-json\/wp\/v2\/media\/27619"}],"wp:attachment":[{"href":"https:\/\/www.ebra-semoir.fr\/en\/wp-json\/wp\/v2\/media?parent=27618"}],"wp:term":[{"taxonomy":"product_brand","embeddable":true,"href":"https:\/\/www.ebra-semoir.fr\/en\/wp-json\/wp\/v2\/product_brand?post=27618"},{"taxonomy":"product_cat","embeddable":true,"href":"https:\/\/www.ebra-semoir.fr\/en\/wp-json\/wp\/v2\/product_cat?post=27618"},{"taxonomy":"product_tag","embeddable":true,"href":"https:\/\/www.ebra-semoir.fr\/en\/wp-json\/wp\/v2\/product_tag?post=27618"}],"curies":[{"name":"wp","href":"https:\/\/api.w.org\/{rel}","templated":true}]}}